{"id":485,"date":"2023-07-21T10:13:01","date_gmt":"2023-07-21T08:13:01","guid":{"rendered":"https:\/\/www.larquit.com\/?page_id=485"},"modified":"2025-11-09T19:22:11","modified_gmt":"2025-11-09T18:22:11","slug":"start","status":"publish","type":"page","link":"https:\/\/www.larquit.com\/en\/","title":{"rendered":"Home"},"content":{"rendered":"\t\t<div data-elementor-type=\"wp-page\" data-elementor-id=\"485\" class=\"elementor elementor-485\" data-elementor-post-type=\"page\">\n\t\t\t\t\t\t<section class=\"elementor-section elementor-top-section elementor-element elementor-element-6528a068 elementor-section-content-top elementor-section-height-min-height elementor-section-items-top elementor-section-boxed elementor-section-height-default\" data-id=\"6528a068\" data-element_type=\"section\" data-e-type=\"section\" data-settings=\"{&quot;background_background&quot;:&quot;classic&quot;}\">\n\t\t\t\t\t\t\t<div class=\"elementor-background-overlay\"><\/div>\n\t\t\t\t\t\t\t<div class=\"elementor-container elementor-column-gap-no\">\n\t\t\t\t\t<div class=\"elementor-column elementor-col-100 elementor-top-column elementor-element elementor-element-45d6315b\" data-id=\"45d6315b\" data-element_type=\"column\" data-e-type=\"column\">\n\t\t\t<div class=\"elementor-widget-wrap elementor-element-populated\">\n\t\t\t\t\t\t<div class=\"elementor-element elementor-element-540af10 elementor-widget__width-initial elementor-widget elementor-widget-heading\" data-id=\"540af10\" data-element_type=\"widget\" data-e-type=\"widget\" data-widget_type=\"heading.default\">\n\t\t\t\t<div class=\"elementor-widget-container\">\n\t\t\t\t\t<h1 class=\"elementor-heading-title elementor-size-xxl\">Estudio de <strong>Arquitectura<\/strong><\/h1>\t\t\t\t<\/div>\n\t\t\t\t<\/div>\n\t\t\t\t<div class=\"elementor-element elementor-element-2cb92b8 elementor-widget__width-initial elementor-widget elementor-widget-heading\" data-id=\"2cb92b8\" data-element_type=\"widget\" data-e-type=\"widget\" data-widget_type=\"heading.default\">\n\t\t\t\t<div class=\"elementor-widget-container\">\n\t\t\t\t\t<h2 class=\"elementor-heading-title elementor-size-default\">Edificaci\u00f3n sostenible<\/h2>\t\t\t\t<\/div>\n\t\t\t\t<\/div>\n\t\t\t\t<div class=\"elementor-element elementor-element-cabc8b2 elementor-widget__width-initial elementor-widget elementor-widget-heading\" data-id=\"cabc8b2\" data-element_type=\"widget\" data-e-type=\"widget\" data-widget_type=\"heading.default\">\n\t\t\t\t<div class=\"elementor-widget-container\">\n\t\t\t\t\t<h2 class=\"elementor-heading-title elementor-size-default\">PROYECTOS EN CLT (MADERA CONTRALAMINADA)<\/h2>\t\t\t\t<\/div>\n\t\t\t\t<\/div>\n\t\t\t\t\t<\/div>\n\t\t<\/div>\n\t\t\t\t\t<\/div>\n\t\t<\/section>\n\t\t\t\t<section class=\"elementor-section elementor-top-section elementor-element elementor-element-f0a2259 elementor-section-boxed elementor-section-height-default elementor-section-height-default\" data-id=\"f0a2259\" data-element_type=\"section\" data-e-type=\"section\">\n\t\t\t\t\t\t<div class=\"elementor-container elementor-column-gap-default\">\n\t\t\t\t\t<div class=\"elementor-column elementor-col-100 elementor-top-column elementor-element elementor-element-c8639ee\" data-id=\"c8639ee\" data-element_type=\"column\" data-e-type=\"column\">\n\t\t\t<div class=\"elementor-widget-wrap\">\n\t\t\t\t\t\t\t<\/div>\n\t\t<\/div>\n\t\t\t\t\t<\/div>\n\t\t<\/section>\n\t\t\t\t<section class=\"elementor-section elementor-top-section elementor-element elementor-element-427691b elementor-section-boxed elementor-section-height-default elementor-section-height-default\" data-id=\"427691b\" data-element_type=\"section\" data-e-type=\"section\">\n\t\t\t\t\t\t<div class=\"elementor-container elementor-column-gap-default\">\n\t\t\t\t\t<div class=\"elementor-column elementor-col-100 elementor-top-column elementor-element elementor-element-35b8064\" data-id=\"35b8064\" data-element_type=\"column\" data-e-type=\"column\">\n\t\t\t<div class=\"elementor-widget-wrap elementor-element-populated\">\n\t\t\t\t\t\t<div class=\"elementor-element elementor-element-7e9fc59 elementor-widget elementor-widget-image\" data-id=\"7e9fc59\" data-element_type=\"widget\" data-e-type=\"widget\" data-widget_type=\"image.default\">\n\t\t\t\t<div class=\"elementor-widget-container\">\n\t\t\t\t\t\t\t\t\t\t\t\t<figure class=\"wp-caption\">\n\t\t\t\t\t\t\t\t\t\t<img fetchpriority=\"high\" decoding=\"async\" width=\"1024\" height=\"682\" src=\"https:\/\/www.larquit.com\/wp-content\/uploads\/2024\/10\/2023_11_23_El_Casar_Cartagena_2229-6-1024x682.jpg\" class=\"attachment-large size-large wp-image-1330\" alt=\"\" srcset=\"https:\/\/www.larquit.com\/wp-content\/uploads\/2024\/10\/2023_11_23_El_Casar_Cartagena_2229-6-1024x682.jpg 1024w, https:\/\/www.larquit.com\/wp-content\/uploads\/2024\/10\/2023_11_23_El_Casar_Cartagena_2229-6-300x200.jpg 300w, https:\/\/www.larquit.com\/wp-content\/uploads\/2024\/10\/2023_11_23_El_Casar_Cartagena_2229-6-768x512.jpg 768w, https:\/\/www.larquit.com\/wp-content\/uploads\/2024\/10\/2023_11_23_El_Casar_Cartagena_2229-6-18x12.jpg 18w, https:\/\/www.larquit.com\/wp-content\/uploads\/2024\/10\/2023_11_23_El_Casar_Cartagena_2229-6.jpg 1280w\" sizes=\"(max-width: 1024px) 100vw, 1024px\" \/>\t\t\t\t\t\t\t\t\t\t\t<figcaption class=\"widget-image-caption wp-caption-text\">El Casar. Vivienda pasiva. Estructura en CLT. Fotograf\u00eda de Juan Francisco G\u00f3mez<\/figcaption>\n\t\t\t\t\t\t\t\t\t\t<\/figure>\n\t\t\t\t\t\t\t\t\t<\/div>\n\t\t\t\t<\/div>\n\t\t\t\t<div class=\"elementor-element elementor-element-2a69d8e elementor-widget elementor-widget-image\" data-id=\"2a69d8e\" data-element_type=\"widget\" data-e-type=\"widget\" data-widget_type=\"image.default\">\n\t\t\t\t<div class=\"elementor-widget-container\">\n\t\t\t\t\t\t\t\t\t\t\t\t<figure class=\"wp-caption\">\n\t\t\t\t\t\t\t\t\t\t<img decoding=\"async\" width=\"1024\" height=\"682\" src=\"https:\/\/www.larquit.com\/wp-content\/uploads\/2024\/09\/2023_11_23_El_Casar_Cartagena_2229-9-1024x682.jpg\" class=\"attachment-large size-large wp-image-1299\" alt=\"\" srcset=\"https:\/\/www.larquit.com\/wp-content\/uploads\/2024\/09\/2023_11_23_El_Casar_Cartagena_2229-9-1024x682.jpg 1024w, https:\/\/www.larquit.com\/wp-content\/uploads\/2024\/09\/2023_11_23_El_Casar_Cartagena_2229-9-300x200.jpg 300w, https:\/\/www.larquit.com\/wp-content\/uploads\/2024\/09\/2023_11_23_El_Casar_Cartagena_2229-9-768x512.jpg 768w, https:\/\/www.larquit.com\/wp-content\/uploads\/2024\/09\/2023_11_23_El_Casar_Cartagena_2229-9-18x12.jpg 18w, https:\/\/www.larquit.com\/wp-content\/uploads\/2024\/09\/2023_11_23_El_Casar_Cartagena_2229-9.jpg 1280w\" sizes=\"(max-width: 1024px) 100vw, 1024px\" \/>\t\t\t\t\t\t\t\t\t\t\t<figcaption class=\"widget-image-caption wp-caption-text\">El Casar. Vivienda pasiva. Estructura en CLT. Fotograf\u00eda de Juan Francisco G\u00f3mez<\/figcaption>\n\t\t\t\t\t\t\t\t\t\t<\/figure>\n\t\t\t\t\t\t\t\t\t<\/div>\n\t\t\t\t<\/div>\n\t\t\t\t<div class=\"elementor-element elementor-element-921df0b elementor-widget elementor-widget-image\" data-id=\"921df0b\" data-element_type=\"widget\" data-e-type=\"widget\" data-widget_type=\"image.default\">\n\t\t\t\t<div class=\"elementor-widget-container\">\n\t\t\t\t\t\t\t\t\t\t\t\t<figure class=\"wp-caption\">\n\t\t\t\t\t\t\t\t\t\t<img decoding=\"async\" width=\"1024\" height=\"682\" src=\"https:\/\/www.larquit.com\/wp-content\/uploads\/2024\/10\/2023_11_23_El_Casar_Cartagena_2229-3-1024x682.jpg\" class=\"attachment-large size-large wp-image-1327\" alt=\"\" srcset=\"https:\/\/www.larquit.com\/wp-content\/uploads\/2024\/10\/2023_11_23_El_Casar_Cartagena_2229-3-1024x682.jpg 1024w, https:\/\/www.larquit.com\/wp-content\/uploads\/2024\/10\/2023_11_23_El_Casar_Cartagena_2229-3-300x200.jpg 300w, https:\/\/www.larquit.com\/wp-content\/uploads\/2024\/10\/2023_11_23_El_Casar_Cartagena_2229-3-768x512.jpg 768w, https:\/\/www.larquit.com\/wp-content\/uploads\/2024\/10\/2023_11_23_El_Casar_Cartagena_2229-3-18x12.jpg 18w, https:\/\/www.larquit.com\/wp-content\/uploads\/2024\/10\/2023_11_23_El_Casar_Cartagena_2229-3.jpg 1280w\" sizes=\"(max-width: 1024px) 100vw, 1024px\" \/>\t\t\t\t\t\t\t\t\t\t\t<figcaption class=\"widget-image-caption wp-caption-text\">El Casar. Vivienda pasiva. Estructura en CLT. Fotograf\u00eda de Juan Francisco G\u00f3mez<\/figcaption>\n\t\t\t\t\t\t\t\t\t\t<\/figure>\n\t\t\t\t\t\t\t\t\t<\/div>\n\t\t\t\t<\/div>\n\t\t\t\t<div class=\"elementor-element elementor-element-3738dc3 elementor-widget elementor-widget-image\" data-id=\"3738dc3\" data-element_type=\"widget\" data-e-type=\"widget\" data-widget_type=\"image.default\">\n\t\t\t\t<div class=\"elementor-widget-container\">\n\t\t\t\t\t\t\t\t\t\t\t\t<figure class=\"wp-caption\">\n\t\t\t\t\t\t\t\t\t\t<img loading=\"lazy\" decoding=\"async\" width=\"1024\" height=\"685\" src=\"https:\/\/www.larquit.com\/wp-content\/uploads\/2024\/10\/2023_11_23_El_Casar_Cartagena_2229-1-1024x685.jpg\" class=\"attachment-large size-large wp-image-1325\" alt=\"\" srcset=\"https:\/\/www.larquit.com\/wp-content\/uploads\/2024\/10\/2023_11_23_El_Casar_Cartagena_2229-1-1024x685.jpg 1024w, https:\/\/www.larquit.com\/wp-content\/uploads\/2024\/10\/2023_11_23_El_Casar_Cartagena_2229-1-300x201.jpg 300w, https:\/\/www.larquit.com\/wp-content\/uploads\/2024\/10\/2023_11_23_El_Casar_Cartagena_2229-1-768x514.jpg 768w, https:\/\/www.larquit.com\/wp-content\/uploads\/2024\/10\/2023_11_23_El_Casar_Cartagena_2229-1-18x12.jpg 18w, https:\/\/www.larquit.com\/wp-content\/uploads\/2024\/10\/2023_11_23_El_Casar_Cartagena_2229-1.jpg 1280w\" sizes=\"(max-width: 1024px) 100vw, 1024px\" \/>\t\t\t\t\t\t\t\t\t\t\t<figcaption class=\"widget-image-caption wp-caption-text\">El Casar.Vivienda pasiva. Estructura en CLT. Fotograf\u00eda de Juan Francisco G\u00f3mez<\/figcaption>\n\t\t\t\t\t\t\t\t\t\t<\/figure>\n\t\t\t\t\t\t\t\t\t<\/div>\n\t\t\t\t<\/div>\n\t\t\t\t<div class=\"elementor-element elementor-element-c62848c elementor-widget elementor-widget-image\" data-id=\"c62848c\" data-element_type=\"widget\" data-e-type=\"widget\" data-widget_type=\"image.default\">\n\t\t\t\t<div class=\"elementor-widget-container\">\n\t\t\t\t\t\t\t\t\t\t\t\t<figure class=\"wp-caption\">\n\t\t\t\t\t\t\t\t\t\t<img loading=\"lazy\" decoding=\"async\" width=\"1024\" height=\"682\" src=\"https:\/\/www.larquit.com\/wp-content\/uploads\/2024\/10\/2023_11_23_El_Casar_Cartagena_2229-2-1024x682.jpg\" class=\"attachment-large size-large wp-image-1326\" alt=\"\" srcset=\"https:\/\/www.larquit.com\/wp-content\/uploads\/2024\/10\/2023_11_23_El_Casar_Cartagena_2229-2-1024x682.jpg 1024w, https:\/\/www.larquit.com\/wp-content\/uploads\/2024\/10\/2023_11_23_El_Casar_Cartagena_2229-2-300x200.jpg 300w, https:\/\/www.larquit.com\/wp-content\/uploads\/2024\/10\/2023_11_23_El_Casar_Cartagena_2229-2-768x512.jpg 768w, https:\/\/www.larquit.com\/wp-content\/uploads\/2024\/10\/2023_11_23_El_Casar_Cartagena_2229-2-18x12.jpg 18w, https:\/\/www.larquit.com\/wp-content\/uploads\/2024\/10\/2023_11_23_El_Casar_Cartagena_2229-2.jpg 1280w\" sizes=\"(max-width: 1024px) 100vw, 1024px\" \/>\t\t\t\t\t\t\t\t\t\t\t<figcaption class=\"widget-image-caption wp-caption-text\">El Casar. Vivienda pasiva. Estructura en CLT.  Fotograf\u00eda de Juan Francisco G\u00f3mez<\/figcaption>\n\t\t\t\t\t\t\t\t\t\t<\/figure>\n\t\t\t\t\t\t\t\t\t<\/div>\n\t\t\t\t<\/div>\n\t\t\t\t<div class=\"elementor-element elementor-element-f053d9e elementor-widget elementor-widget-image\" data-id=\"f053d9e\" data-element_type=\"widget\" data-e-type=\"widget\" data-widget_type=\"image.default\">\n\t\t\t\t<div class=\"elementor-widget-container\">\n\t\t\t\t\t\t\t\t\t\t\t\t<figure class=\"wp-caption\">\n\t\t\t\t\t\t\t\t\t\t<img loading=\"lazy\" decoding=\"async\" width=\"1024\" height=\"683\" src=\"https:\/\/www.larquit.com\/wp-content\/uploads\/2024\/10\/2023_11_23_El_Casar_Cartagena_2229-7-1024x683.jpg\" class=\"attachment-large size-large wp-image-1331\" alt=\"Fotograf\u00eda de Juan Francisco G\u00f3mez\" srcset=\"https:\/\/www.larquit.com\/wp-content\/uploads\/2024\/10\/2023_11_23_El_Casar_Cartagena_2229-7-1024x683.jpg 1024w, https:\/\/www.larquit.com\/wp-content\/uploads\/2024\/10\/2023_11_23_El_Casar_Cartagena_2229-7-300x200.jpg 300w, https:\/\/www.larquit.com\/wp-content\/uploads\/2024\/10\/2023_11_23_El_Casar_Cartagena_2229-7-768x512.jpg 768w, https:\/\/www.larquit.com\/wp-content\/uploads\/2024\/10\/2023_11_23_El_Casar_Cartagena_2229-7-18x12.jpg 18w, https:\/\/www.larquit.com\/wp-content\/uploads\/2024\/10\/2023_11_23_El_Casar_Cartagena_2229-7.jpg 1280w\" sizes=\"(max-width: 1024px) 100vw, 1024px\" \/>\t\t\t\t\t\t\t\t\t\t\t<figcaption class=\"widget-image-caption wp-caption-text\">El Casar. Vivienda pasiva. Estructura en CLT.Fotograf\u00eda de Juan Francisco G\u00f3mez<\/figcaption>\n\t\t\t\t\t\t\t\t\t\t<\/figure>\n\t\t\t\t\t\t\t\t\t<\/div>\n\t\t\t\t<\/div>\n\t\t\t\t<div class=\"elementor-element elementor-element-84bdc45 elementor-widget elementor-widget-image\" data-id=\"84bdc45\" data-element_type=\"widget\" data-e-type=\"widget\" data-widget_type=\"image.default\">\n\t\t\t\t<div class=\"elementor-widget-container\">\n\t\t\t\t\t\t\t\t\t\t\t\t<figure class=\"wp-caption\">\n\t\t\t\t\t\t\t\t\t\t<img loading=\"lazy\" decoding=\"async\" width=\"1024\" height=\"682\" src=\"https:\/\/www.larquit.com\/wp-content\/uploads\/2024\/10\/2023_11_23_El_Casar_Cartagena_2229-4-1024x682.jpg\" class=\"attachment-large size-large wp-image-1328\" alt=\"\" srcset=\"https:\/\/www.larquit.com\/wp-content\/uploads\/2024\/10\/2023_11_23_El_Casar_Cartagena_2229-4-1024x682.jpg 1024w, https:\/\/www.larquit.com\/wp-content\/uploads\/2024\/10\/2023_11_23_El_Casar_Cartagena_2229-4-300x200.jpg 300w, https:\/\/www.larquit.com\/wp-content\/uploads\/2024\/10\/2023_11_23_El_Casar_Cartagena_2229-4-768x512.jpg 768w, https:\/\/www.larquit.com\/wp-content\/uploads\/2024\/10\/2023_11_23_El_Casar_Cartagena_2229-4-18x12.jpg 18w, https:\/\/www.larquit.com\/wp-content\/uploads\/2024\/10\/2023_11_23_El_Casar_Cartagena_2229-4.jpg 1280w\" sizes=\"(max-width: 1024px) 100vw, 1024px\" \/>\t\t\t\t\t\t\t\t\t\t\t<figcaption class=\"widget-image-caption wp-caption-text\">El Casar. Vivienda pasiva. Estructura en CLT. Fotograf\u00eda de Juan Francisco G\u00f3mez<\/figcaption>\n\t\t\t\t\t\t\t\t\t\t<\/figure>\n\t\t\t\t\t\t\t\t\t<\/div>\n\t\t\t\t<\/div>\n\t\t\t\t<div class=\"elementor-element elementor-element-9f80033 elementor-widget elementor-widget-image\" data-id=\"9f80033\" data-element_type=\"widget\" data-e-type=\"widget\" data-widget_type=\"image.default\">\n\t\t\t\t<div class=\"elementor-widget-container\">\n\t\t\t\t\t\t\t\t\t\t\t\t<figure class=\"wp-caption\">\n\t\t\t\t\t\t\t\t\t\t<img loading=\"lazy\" decoding=\"async\" width=\"1024\" height=\"682\" src=\"https:\/\/www.larquit.com\/wp-content\/uploads\/2024\/10\/2023_11_23_El_Casar_Cartagena_2229-8-1024x682.jpg\" class=\"attachment-large size-large wp-image-1332\" alt=\"\" srcset=\"https:\/\/www.larquit.com\/wp-content\/uploads\/2024\/10\/2023_11_23_El_Casar_Cartagena_2229-8-1024x682.jpg 1024w, https:\/\/www.larquit.com\/wp-content\/uploads\/2024\/10\/2023_11_23_El_Casar_Cartagena_2229-8-300x200.jpg 300w, https:\/\/www.larquit.com\/wp-content\/uploads\/2024\/10\/2023_11_23_El_Casar_Cartagena_2229-8-768x512.jpg 768w, https:\/\/www.larquit.com\/wp-content\/uploads\/2024\/10\/2023_11_23_El_Casar_Cartagena_2229-8-18x12.jpg 18w, https:\/\/www.larquit.com\/wp-content\/uploads\/2024\/10\/2023_11_23_El_Casar_Cartagena_2229-8.jpg 1280w\" sizes=\"(max-width: 1024px) 100vw, 1024px\" \/>\t\t\t\t\t\t\t\t\t\t\t<figcaption class=\"widget-image-caption wp-caption-text\">El Casar. Vivienda pasiva. Estructura en CLT. Fotograf\u00eda de Juan Francisco G\u00f3mez<\/figcaption>\n\t\t\t\t\t\t\t\t\t\t<\/figure>\n\t\t\t\t\t\t\t\t\t<\/div>\n\t\t\t\t<\/div>\n\t\t\t\t<div class=\"elementor-element elementor-element-365e2c7 elementor-widget elementor-widget-image\" data-id=\"365e2c7\" data-element_type=\"widget\" data-e-type=\"widget\" data-widget_type=\"image.default\">\n\t\t\t\t<div class=\"elementor-widget-container\">\n\t\t\t\t\t\t\t\t\t\t\t\t<figure class=\"wp-caption\">\n\t\t\t\t\t\t\t\t\t\t<img loading=\"lazy\" decoding=\"async\" width=\"1024\" height=\"682\" src=\"https:\/\/www.larquit.com\/wp-content\/uploads\/2024\/10\/2023_11_23_El_Casar_Cartagena_2229-10-1024x682.jpg\" class=\"attachment-large size-large wp-image-1334\" alt=\"\" srcset=\"https:\/\/www.larquit.com\/wp-content\/uploads\/2024\/10\/2023_11_23_El_Casar_Cartagena_2229-10-1024x682.jpg 1024w, https:\/\/www.larquit.com\/wp-content\/uploads\/2024\/10\/2023_11_23_El_Casar_Cartagena_2229-10-300x200.jpg 300w, https:\/\/www.larquit.com\/wp-content\/uploads\/2024\/10\/2023_11_23_El_Casar_Cartagena_2229-10-768x512.jpg 768w, https:\/\/www.larquit.com\/wp-content\/uploads\/2024\/10\/2023_11_23_El_Casar_Cartagena_2229-10-18x12.jpg 18w, https:\/\/www.larquit.com\/wp-content\/uploads\/2024\/10\/2023_11_23_El_Casar_Cartagena_2229-10.jpg 1280w\" sizes=\"(max-width: 1024px) 100vw, 1024px\" \/>\t\t\t\t\t\t\t\t\t\t\t<figcaption class=\"widget-image-caption wp-caption-text\">Estructura en CLT. El Casar. Guadalajara <\/figcaption>\n\t\t\t\t\t\t\t\t\t\t<\/figure>\n\t\t\t\t\t\t\t\t\t<\/div>\n\t\t\t\t<\/div>\n\t\t\t\t<div class=\"elementor-element elementor-element-aa550ce elementor-widget elementor-widget-image\" data-id=\"aa550ce\" data-element_type=\"widget\" data-e-type=\"widget\" data-widget_type=\"image.default\">\n\t\t\t\t<div class=\"elementor-widget-container\">\n\t\t\t\t\t\t\t\t\t\t\t\t<figure class=\"wp-caption\">\n\t\t\t\t\t\t\t\t\t\t<img loading=\"lazy\" decoding=\"async\" width=\"1024\" height=\"683\" src=\"https:\/\/www.larquit.com\/wp-content\/uploads\/2024\/10\/2023_11_23_El_Casar_Cartagena_2229-7-1024x683.jpg\" class=\"attachment-large size-large wp-image-1331\" alt=\"Fotograf\u00eda de Juan Francisco G\u00f3mez\" srcset=\"https:\/\/www.larquit.com\/wp-content\/uploads\/2024\/10\/2023_11_23_El_Casar_Cartagena_2229-7-1024x683.jpg 1024w, https:\/\/www.larquit.com\/wp-content\/uploads\/2024\/10\/2023_11_23_El_Casar_Cartagena_2229-7-300x200.jpg 300w, https:\/\/www.larquit.com\/wp-content\/uploads\/2024\/10\/2023_11_23_El_Casar_Cartagena_2229-7-768x512.jpg 768w, https:\/\/www.larquit.com\/wp-content\/uploads\/2024\/10\/2023_11_23_El_Casar_Cartagena_2229-7-18x12.jpg 18w, https:\/\/www.larquit.com\/wp-content\/uploads\/2024\/10\/2023_11_23_El_Casar_Cartagena_2229-7.jpg 1280w\" sizes=\"(max-width: 1024px) 100vw, 1024px\" \/>\t\t\t\t\t\t\t\t\t\t\t<figcaption class=\"widget-image-caption wp-caption-text\">Estructura en CLT. El Casar. Guadalajara <\/figcaption>\n\t\t\t\t\t\t\t\t\t\t<\/figure>\n\t\t\t\t\t\t\t\t\t<\/div>\n\t\t\t\t<\/div>\n\t\t\t\t<div class=\"elementor-element elementor-element-710a4a4 elementor-widget elementor-widget-image\" data-id=\"710a4a4\" data-element_type=\"widget\" data-e-type=\"widget\" data-widget_type=\"image.default\">\n\t\t\t\t<div class=\"elementor-widget-container\">\n\t\t\t\t\t\t\t\t\t\t\t\t<figure class=\"wp-caption\">\n\t\t\t\t\t\t\t\t\t\t<img loading=\"lazy\" decoding=\"async\" width=\"1024\" height=\"576\" src=\"https:\/\/www.larquit.com\/wp-content\/uploads\/2025\/11\/DSC_4343-1024x576.jpg\" class=\"attachment-large size-large wp-image-1948\" alt=\"\" srcset=\"https:\/\/www.larquit.com\/wp-content\/uploads\/2025\/11\/DSC_4343-1024x576.jpg 1024w, https:\/\/www.larquit.com\/wp-content\/uploads\/2025\/11\/DSC_4343-300x169.jpg 300w, https:\/\/www.larquit.com\/wp-content\/uploads\/2025\/11\/DSC_4343-768x432.jpg 768w, https:\/\/www.larquit.com\/wp-content\/uploads\/2025\/11\/DSC_4343-1536x864.jpg 1536w, https:\/\/www.larquit.com\/wp-content\/uploads\/2025\/11\/DSC_4343-2048x1152.jpg 2048w, https:\/\/www.larquit.com\/wp-content\/uploads\/2025\/11\/DSC_4343-18x10.jpg 18w\" sizes=\"(max-width: 1024px) 100vw, 1024px\" \/>\t\t\t\t\t\t\t\t\t\t\t<figcaption class=\"widget-image-caption wp-caption-text\">Estructura en CLT. El Casar. Guadalajara <\/figcaption>\n\t\t\t\t\t\t\t\t\t\t<\/figure>\n\t\t\t\t\t\t\t\t\t<\/div>\n\t\t\t\t<\/div>\n\t\t\t\t<div class=\"elementor-element elementor-element-8d3ce0c elementor-widget elementor-widget-image\" data-id=\"8d3ce0c\" data-element_type=\"widget\" data-e-type=\"widget\" data-widget_type=\"image.default\">\n\t\t\t\t<div class=\"elementor-widget-container\">\n\t\t\t\t\t\t\t\t\t\t\t\t<figure class=\"wp-caption\">\n\t\t\t\t\t\t\t\t\t\t<img loading=\"lazy\" decoding=\"async\" width=\"1024\" height=\"636\" src=\"https:\/\/www.larquit.com\/wp-content\/uploads\/2025\/11\/IMG-20210608-WA0009-1024x636.jpg\" class=\"attachment-large size-large wp-image-1949\" alt=\"\" srcset=\"https:\/\/www.larquit.com\/wp-content\/uploads\/2025\/11\/IMG-20210608-WA0009-1024x636.jpg 1024w, https:\/\/www.larquit.com\/wp-content\/uploads\/2025\/11\/IMG-20210608-WA0009-300x186.jpg 300w, https:\/\/www.larquit.com\/wp-content\/uploads\/2025\/11\/IMG-20210608-WA0009-768x477.jpg 768w, https:\/\/www.larquit.com\/wp-content\/uploads\/2025\/11\/IMG-20210608-WA0009-1536x954.jpg 1536w, https:\/\/www.larquit.com\/wp-content\/uploads\/2025\/11\/IMG-20210608-WA0009-18x12.jpg 18w, https:\/\/www.larquit.com\/wp-content\/uploads\/2025\/11\/IMG-20210608-WA0009.jpg 1812w\" sizes=\"(max-width: 1024px) 100vw, 1024px\" \/>\t\t\t\t\t\t\t\t\t\t\t<figcaption class=\"widget-image-caption wp-caption-text\">Estructura en CLT. El Casar. Guadalajara <\/figcaption>\n\t\t\t\t\t\t\t\t\t\t<\/figure>\n\t\t\t\t\t\t\t\t\t<\/div>\n\t\t\t\t<\/div>\n\t\t\t\t<div class=\"elementor-element elementor-element-08f870b elementor-widget elementor-widget-image\" data-id=\"08f870b\" data-element_type=\"widget\" data-e-type=\"widget\" data-widget_type=\"image.default\">\n\t\t\t\t<div class=\"elementor-widget-container\">\n\t\t\t\t\t\t\t\t\t\t\t\t<figure class=\"wp-caption\">\n\t\t\t\t\t\t\t\t\t\t<img loading=\"lazy\" decoding=\"async\" width=\"1024\" height=\"768\" src=\"https:\/\/www.larquit.com\/wp-content\/uploads\/2025\/09\/IMG_20210729_083917-1024x768.jpg\" class=\"attachment-large size-large wp-image-1832\" alt=\"\" srcset=\"https:\/\/www.larquit.com\/wp-content\/uploads\/2025\/09\/IMG_20210729_083917-1024x768.jpg 1024w, https:\/\/www.larquit.com\/wp-content\/uploads\/2025\/09\/IMG_20210729_083917-300x225.jpg 300w, https:\/\/www.larquit.com\/wp-content\/uploads\/2025\/09\/IMG_20210729_083917-768x576.jpg 768w, https:\/\/www.larquit.com\/wp-content\/uploads\/2025\/09\/IMG_20210729_083917-1536x1152.jpg 1536w, https:\/\/www.larquit.com\/wp-content\/uploads\/2025\/09\/IMG_20210729_083917-scaled.jpg 1920w, https:\/\/www.larquit.com\/wp-content\/uploads\/2025\/09\/IMG_20210729_083917-16x12.jpg 16w\" sizes=\"(max-width: 1024px) 100vw, 1024px\" \/>\t\t\t\t\t\t\t\t\t\t\t<figcaption class=\"widget-image-caption wp-caption-text\">Estructura en CLT. El Casar. Guadalajara <\/figcaption>\n\t\t\t\t\t\t\t\t\t\t<\/figure>\n\t\t\t\t\t\t\t\t\t<\/div>\n\t\t\t\t<\/div>\n\t\t\t\t<div class=\"elementor-element elementor-element-a989f5b elementor-widget elementor-widget-image\" data-id=\"a989f5b\" data-element_type=\"widget\" data-e-type=\"widget\" data-widget_type=\"image.default\">\n\t\t\t\t<div class=\"elementor-widget-container\">\n\t\t\t\t\t\t\t\t\t\t\t\t<figure class=\"wp-caption\">\n\t\t\t\t\t\t\t\t\t\t<img loading=\"lazy\" decoding=\"async\" width=\"300\" height=\"300\" src=\"https:\/\/www.larquit.com\/wp-content\/uploads\/2024\/09\/cropped-LARQUIT-004a-300x300.jpg\" class=\"attachment-medium size-medium wp-image-1291\" alt=\"\" srcset=\"https:\/\/www.larquit.com\/wp-content\/uploads\/2024\/09\/cropped-LARQUIT-004a-300x300.jpg 300w, https:\/\/www.larquit.com\/wp-content\/uploads\/2024\/09\/cropped-LARQUIT-004a-150x150.jpg 150w, https:\/\/www.larquit.com\/wp-content\/uploads\/2024\/09\/cropped-LARQUIT-004a-12x12.jpg 12w, https:\/\/www.larquit.com\/wp-content\/uploads\/2024\/09\/cropped-LARQUIT-004a-270x270.jpg 270w, https:\/\/www.larquit.com\/wp-content\/uploads\/2024\/09\/cropped-LARQUIT-004a-192x192.jpg 192w, https:\/\/www.larquit.com\/wp-content\/uploads\/2024\/09\/cropped-LARQUIT-004a-180x180.jpg 180w, https:\/\/www.larquit.com\/wp-content\/uploads\/2024\/09\/cropped-LARQUIT-004a-32x32.jpg 32w, https:\/\/www.larquit.com\/wp-content\/uploads\/2024\/09\/cropped-LARQUIT-004a.jpg 512w\" sizes=\"(max-width: 300px) 100vw, 300px\" \/>\t\t\t\t\t\t\t\t\t\t\t<figcaption class=\"widget-image-caption wp-caption-text\"><\/figcaption>\n\t\t\t\t\t\t\t\t\t\t<\/figure>\n\t\t\t\t\t\t\t\t\t<\/div>\n\t\t\t\t<\/div>\n\t\t\t\t<div class=\"elementor-element elementor-element-132dee3 elementor-widget elementor-widget-image\" data-id=\"132dee3\" data-element_type=\"widget\" data-e-type=\"widget\" data-widget_type=\"image.default\">\n\t\t\t\t<div class=\"elementor-widget-container\">\n\t\t\t\t\t\t\t\t\t\t\t\t<figure class=\"wp-caption\">\n\t\t\t\t\t\t\t\t\t\t<img loading=\"lazy\" decoding=\"async\" width=\"1024\" height=\"768\" src=\"https:\/\/www.larquit.com\/wp-content\/uploads\/2025\/09\/IMG-20250917-WA0021-1024x768.jpg\" class=\"attachment-large size-large wp-image-1814\" alt=\"\" srcset=\"https:\/\/www.larquit.com\/wp-content\/uploads\/2025\/09\/IMG-20250917-WA0021-1024x768.jpg 1024w, https:\/\/www.larquit.com\/wp-content\/uploads\/2025\/09\/IMG-20250917-WA0021-300x225.jpg 300w, https:\/\/www.larquit.com\/wp-content\/uploads\/2025\/09\/IMG-20250917-WA0021-768x576.jpg 768w, https:\/\/www.larquit.com\/wp-content\/uploads\/2025\/09\/IMG-20250917-WA0021-1536x1152.jpg 1536w, https:\/\/www.larquit.com\/wp-content\/uploads\/2025\/09\/IMG-20250917-WA0021-16x12.jpg 16w, https:\/\/www.larquit.com\/wp-content\/uploads\/2025\/09\/IMG-20250917-WA0021.jpg 1600w\" sizes=\"(max-width: 1024px) 100vw, 1024px\" \/>\t\t\t\t\t\t\t\t\t\t\t<figcaption class=\"widget-image-caption wp-caption-text\">Soto del Real. Madrid<\/figcaption>\n\t\t\t\t\t\t\t\t\t\t<\/figure>\n\t\t\t\t\t\t\t\t\t<\/div>\n\t\t\t\t<\/div>\n\t\t\t\t<div class=\"elementor-element elementor-element-ddd793e elementor-widget elementor-widget-image\" data-id=\"ddd793e\" data-element_type=\"widget\" data-e-type=\"widget\" data-widget_type=\"image.default\">\n\t\t\t\t<div class=\"elementor-widget-container\">\n\t\t\t\t\t\t\t\t\t\t\t\t<figure class=\"wp-caption\">\n\t\t\t\t\t\t\t\t\t\t<img loading=\"lazy\" decoding=\"async\" width=\"1024\" height=\"768\" src=\"https:\/\/www.larquit.com\/wp-content\/uploads\/2025\/09\/IMG-20250917-WA0026-1024x768.jpg\" class=\"attachment-large size-large wp-image-1815\" alt=\"\" srcset=\"https:\/\/www.larquit.com\/wp-content\/uploads\/2025\/09\/IMG-20250917-WA0026-1024x768.jpg 1024w, https:\/\/www.larquit.com\/wp-content\/uploads\/2025\/09\/IMG-20250917-WA0026-300x225.jpg 300w, https:\/\/www.larquit.com\/wp-content\/uploads\/2025\/09\/IMG-20250917-WA0026-768x576.jpg 768w, https:\/\/www.larquit.com\/wp-content\/uploads\/2025\/09\/IMG-20250917-WA0026-1536x1152.jpg 1536w, https:\/\/www.larquit.com\/wp-content\/uploads\/2025\/09\/IMG-20250917-WA0026-16x12.jpg 16w, https:\/\/www.larquit.com\/wp-content\/uploads\/2025\/09\/IMG-20250917-WA0026.jpg 1600w\" sizes=\"(max-width: 1024px) 100vw, 1024px\" \/>\t\t\t\t\t\t\t\t\t\t\t<figcaption class=\"widget-image-caption wp-caption-text\">Soto del Real. Madrid<\/figcaption>\n\t\t\t\t\t\t\t\t\t\t<\/figure>\n\t\t\t\t\t\t\t\t\t<\/div>\n\t\t\t\t<\/div>\n\t\t\t\t<div class=\"elementor-element elementor-element-dc75225 elementor-widget elementor-widget-image\" data-id=\"dc75225\" data-element_type=\"widget\" data-e-type=\"widget\" data-widget_type=\"image.default\">\n\t\t\t\t<div class=\"elementor-widget-container\">\n\t\t\t\t\t\t\t\t\t\t\t\t<figure class=\"wp-caption\">\n\t\t\t\t\t\t\t\t\t\t<img loading=\"lazy\" decoding=\"async\" width=\"768\" height=\"1024\" src=\"https:\/\/www.larquit.com\/wp-content\/uploads\/2025\/09\/IMG-20250917-WA0014-768x1024.jpg\" class=\"attachment-large size-large wp-image-1816\" alt=\"\" srcset=\"https:\/\/www.larquit.com\/wp-content\/uploads\/2025\/09\/IMG-20250917-WA0014-768x1024.jpg 768w, https:\/\/www.larquit.com\/wp-content\/uploads\/2025\/09\/IMG-20250917-WA0014-225x300.jpg 225w, https:\/\/www.larquit.com\/wp-content\/uploads\/2025\/09\/IMG-20250917-WA0014-1152x1536.jpg 1152w, https:\/\/www.larquit.com\/wp-content\/uploads\/2025\/09\/IMG-20250917-WA0014-9x12.jpg 9w, https:\/\/www.larquit.com\/wp-content\/uploads\/2025\/09\/IMG-20250917-WA0014.jpg 1200w\" sizes=\"(max-width: 768px) 100vw, 768px\" \/>\t\t\t\t\t\t\t\t\t\t\t<figcaption class=\"widget-image-caption wp-caption-text\">Soto del Real. Madrid<\/figcaption>\n\t\t\t\t\t\t\t\t\t\t<\/figure>\n\t\t\t\t\t\t\t\t\t<\/div>\n\t\t\t\t<\/div>\n\t\t\t\t<div class=\"elementor-element elementor-element-5331b3d elementor-widget elementor-widget-image\" data-id=\"5331b3d\" data-element_type=\"widget\" data-e-type=\"widget\" data-widget_type=\"image.default\">\n\t\t\t\t<div class=\"elementor-widget-container\">\n\t\t\t\t\t\t\t\t\t\t\t\t<figure class=\"wp-caption\">\n\t\t\t\t\t\t\t\t\t\t<img loading=\"lazy\" decoding=\"async\" width=\"1024\" height=\"768\" src=\"https:\/\/www.larquit.com\/wp-content\/uploads\/2025\/09\/IMG-20250917-WA0035-1024x768.jpg\" class=\"attachment-large size-large wp-image-1817\" alt=\"\" srcset=\"https:\/\/www.larquit.com\/wp-content\/uploads\/2025\/09\/IMG-20250917-WA0035-1024x768.jpg 1024w, https:\/\/www.larquit.com\/wp-content\/uploads\/2025\/09\/IMG-20250917-WA0035-300x225.jpg 300w, https:\/\/www.larquit.com\/wp-content\/uploads\/2025\/09\/IMG-20250917-WA0035-768x576.jpg 768w, https:\/\/www.larquit.com\/wp-content\/uploads\/2025\/09\/IMG-20250917-WA0035-1536x1152.jpg 1536w, https:\/\/www.larquit.com\/wp-content\/uploads\/2025\/09\/IMG-20250917-WA0035-16x12.jpg 16w, https:\/\/www.larquit.com\/wp-content\/uploads\/2025\/09\/IMG-20250917-WA0035.jpg 1600w\" sizes=\"(max-width: 1024px) 100vw, 1024px\" \/>\t\t\t\t\t\t\t\t\t\t\t<figcaption class=\"widget-image-caption wp-caption-text\">Soto del Real. Madrid<\/figcaption>\n\t\t\t\t\t\t\t\t\t\t<\/figure>\n\t\t\t\t\t\t\t\t\t<\/div>\n\t\t\t\t<\/div>\n\t\t\t\t<div class=\"elementor-element elementor-element-fbfcdc5 elementor-widget elementor-widget-image\" data-id=\"fbfcdc5\" data-element_type=\"widget\" data-e-type=\"widget\" data-widget_type=\"image.default\">\n\t\t\t\t<div class=\"elementor-widget-container\">\n\t\t\t\t\t\t\t\t\t\t\t\t<figure class=\"wp-caption\">\n\t\t\t\t\t\t\t\t\t\t<img loading=\"lazy\" decoding=\"async\" width=\"300\" height=\"300\" src=\"https:\/\/www.larquit.com\/wp-content\/uploads\/2024\/09\/cropped-LARQUIT-004a-300x300.jpg\" class=\"attachment-medium size-medium wp-image-1291\" alt=\"\" srcset=\"https:\/\/www.larquit.com\/wp-content\/uploads\/2024\/09\/cropped-LARQUIT-004a-300x300.jpg 300w, https:\/\/www.larquit.com\/wp-content\/uploads\/2024\/09\/cropped-LARQUIT-004a-150x150.jpg 150w, https:\/\/www.larquit.com\/wp-content\/uploads\/2024\/09\/cropped-LARQUIT-004a-12x12.jpg 12w, https:\/\/www.larquit.com\/wp-content\/uploads\/2024\/09\/cropped-LARQUIT-004a-270x270.jpg 270w, https:\/\/www.larquit.com\/wp-content\/uploads\/2024\/09\/cropped-LARQUIT-004a-192x192.jpg 192w, https:\/\/www.larquit.com\/wp-content\/uploads\/2024\/09\/cropped-LARQUIT-004a-180x180.jpg 180w, https:\/\/www.larquit.com\/wp-content\/uploads\/2024\/09\/cropped-LARQUIT-004a-32x32.jpg 32w, https:\/\/www.larquit.com\/wp-content\/uploads\/2024\/09\/cropped-LARQUIT-004a.jpg 512w\" sizes=\"(max-width: 300px) 100vw, 300px\" \/>\t\t\t\t\t\t\t\t\t\t\t<figcaption class=\"widget-image-caption wp-caption-text\"><\/figcaption>\n\t\t\t\t\t\t\t\t\t\t<\/figure>\n\t\t\t\t\t\t\t\t\t<\/div>\n\t\t\t\t<\/div>\n\t\t\t\t<div class=\"elementor-element elementor-element-672fb27 elementor-widget elementor-widget-image\" data-id=\"672fb27\" data-element_type=\"widget\" data-e-type=\"widget\" data-widget_type=\"image.default\">\n\t\t\t\t<div class=\"elementor-widget-container\">\n\t\t\t\t\t\t\t\t\t\t\t\t<figure class=\"wp-caption\">\n\t\t\t\t\t\t\t\t\t\t<img loading=\"lazy\" decoding=\"async\" width=\"1024\" height=\"683\" src=\"https:\/\/www.larquit.com\/wp-content\/uploads\/2025\/09\/DSCF6293-1024x683.jpg\" class=\"attachment-large size-large wp-image-1807\" alt=\"\" srcset=\"https:\/\/www.larquit.com\/wp-content\/uploads\/2025\/09\/DSCF6293-1024x683.jpg 1024w, https:\/\/www.larquit.com\/wp-content\/uploads\/2025\/09\/DSCF6293-300x200.jpg 300w, https:\/\/www.larquit.com\/wp-content\/uploads\/2025\/09\/DSCF6293-768x512.jpg 768w, https:\/\/www.larquit.com\/wp-content\/uploads\/2025\/09\/DSCF6293-1536x1024.jpg 1536w, https:\/\/www.larquit.com\/wp-content\/uploads\/2025\/09\/DSCF6293-scaled.jpg 1920w, https:\/\/www.larquit.com\/wp-content\/uploads\/2025\/09\/DSCF6293-18x12.jpg 18w\" sizes=\"(max-width: 1024px) 100vw, 1024px\" \/>\t\t\t\t\t\t\t\t\t\t\t<figcaption class=\"widget-image-caption wp-caption-text\">Vivienda pasiva. Estructura en CLT. Alpedrete. Madrid<\/figcaption>\n\t\t\t\t\t\t\t\t\t\t<\/figure>\n\t\t\t\t\t\t\t\t\t<\/div>\n\t\t\t\t<\/div>\n\t\t\t\t<div class=\"elementor-element elementor-element-1085884 elementor-widget elementor-widget-image\" data-id=\"1085884\" data-element_type=\"widget\" data-e-type=\"widget\" data-widget_type=\"image.default\">\n\t\t\t\t<div class=\"elementor-widget-container\">\n\t\t\t\t\t\t\t\t\t\t\t\t<figure class=\"wp-caption\">\n\t\t\t\t\t\t\t\t\t\t<img loading=\"lazy\" decoding=\"async\" width=\"1024\" height=\"683\" src=\"https:\/\/www.larquit.com\/wp-content\/uploads\/2025\/09\/DSCF6305-1024x683.jpg\" class=\"attachment-large size-large wp-image-1808\" alt=\"\" srcset=\"https:\/\/www.larquit.com\/wp-content\/uploads\/2025\/09\/DSCF6305-1024x683.jpg 1024w, https:\/\/www.larquit.com\/wp-content\/uploads\/2025\/09\/DSCF6305-300x200.jpg 300w, https:\/\/www.larquit.com\/wp-content\/uploads\/2025\/09\/DSCF6305-768x512.jpg 768w, https:\/\/www.larquit.com\/wp-content\/uploads\/2025\/09\/DSCF6305-1536x1024.jpg 1536w, https:\/\/www.larquit.com\/wp-content\/uploads\/2025\/09\/DSCF6305-scaled.jpg 1920w, https:\/\/www.larquit.com\/wp-content\/uploads\/2025\/09\/DSCF6305-18x12.jpg 18w\" sizes=\"(max-width: 1024px) 100vw, 1024px\" \/>\t\t\t\t\t\t\t\t\t\t\t<figcaption class=\"widget-image-caption wp-caption-text\">Vivienda pasiva. Estructura en CLT. Alpedrete. Madrid<\/figcaption>\n\t\t\t\t\t\t\t\t\t\t<\/figure>\n\t\t\t\t\t\t\t\t\t<\/div>\n\t\t\t\t<\/div>\n\t\t\t\t<div class=\"elementor-element elementor-element-c38990a elementor-widget elementor-widget-image\" data-id=\"c38990a\" data-element_type=\"widget\" data-e-type=\"widget\" data-widget_type=\"image.default\">\n\t\t\t\t<div class=\"elementor-widget-container\">\n\t\t\t\t\t\t\t\t\t\t\t\t<figure class=\"wp-caption\">\n\t\t\t\t\t\t\t\t\t\t<img loading=\"lazy\" decoding=\"async\" width=\"1024\" height=\"683\" src=\"https:\/\/www.larquit.com\/wp-content\/uploads\/2025\/09\/DSCF6310-1024x683.jpg\" class=\"attachment-large size-large wp-image-1809\" alt=\"\" srcset=\"https:\/\/www.larquit.com\/wp-content\/uploads\/2025\/09\/DSCF6310-1024x683.jpg 1024w, https:\/\/www.larquit.com\/wp-content\/uploads\/2025\/09\/DSCF6310-300x200.jpg 300w, https:\/\/www.larquit.com\/wp-content\/uploads\/2025\/09\/DSCF6310-768x512.jpg 768w, https:\/\/www.larquit.com\/wp-content\/uploads\/2025\/09\/DSCF6310-1536x1024.jpg 1536w, https:\/\/www.larquit.com\/wp-content\/uploads\/2025\/09\/DSCF6310-scaled.jpg 1920w, https:\/\/www.larquit.com\/wp-content\/uploads\/2025\/09\/DSCF6310-18x12.jpg 18w\" sizes=\"(max-width: 1024px) 100vw, 1024px\" \/>\t\t\t\t\t\t\t\t\t\t\t<figcaption class=\"widget-image-caption wp-caption-text\">Vivienda pasiva. Estructura en CLT. Alpedrete. Madrid<\/figcaption>\n\t\t\t\t\t\t\t\t\t\t<\/figure>\n\t\t\t\t\t\t\t\t\t<\/div>\n\t\t\t\t<\/div>\n\t\t\t\t<div class=\"elementor-element elementor-element-81fae08 elementor-widget elementor-widget-image\" data-id=\"81fae08\" data-element_type=\"widget\" data-e-type=\"widget\" data-widget_type=\"image.default\">\n\t\t\t\t<div class=\"elementor-widget-container\">\n\t\t\t\t\t\t\t\t\t\t\t\t<figure class=\"wp-caption\">\n\t\t\t\t\t\t\t\t\t\t<img loading=\"lazy\" decoding=\"async\" width=\"300\" height=\"300\" src=\"https:\/\/www.larquit.com\/wp-content\/uploads\/2024\/09\/cropped-LARQUIT-004a-300x300.jpg\" class=\"attachment-medium size-medium wp-image-1291\" alt=\"\" srcset=\"https:\/\/www.larquit.com\/wp-content\/uploads\/2024\/09\/cropped-LARQUIT-004a-300x300.jpg 300w, https:\/\/www.larquit.com\/wp-content\/uploads\/2024\/09\/cropped-LARQUIT-004a-150x150.jpg 150w, https:\/\/www.larquit.com\/wp-content\/uploads\/2024\/09\/cropped-LARQUIT-004a-12x12.jpg 12w, https:\/\/www.larquit.com\/wp-content\/uploads\/2024\/09\/cropped-LARQUIT-004a-270x270.jpg 270w, https:\/\/www.larquit.com\/wp-content\/uploads\/2024\/09\/cropped-LARQUIT-004a-192x192.jpg 192w, https:\/\/www.larquit.com\/wp-content\/uploads\/2024\/09\/cropped-LARQUIT-004a-180x180.jpg 180w, https:\/\/www.larquit.com\/wp-content\/uploads\/2024\/09\/cropped-LARQUIT-004a-32x32.jpg 32w, https:\/\/www.larquit.com\/wp-content\/uploads\/2024\/09\/cropped-LARQUIT-004a.jpg 512w\" sizes=\"(max-width: 300px) 100vw, 300px\" \/>\t\t\t\t\t\t\t\t\t\t\t<figcaption class=\"widget-image-caption wp-caption-text\"><\/figcaption>\n\t\t\t\t\t\t\t\t\t\t<\/figure>\n\t\t\t\t\t\t\t\t\t<\/div>\n\t\t\t\t<\/div>\n\t\t\t\t<div class=\"elementor-element elementor-element-b283f55 elementor-widget elementor-widget-image\" data-id=\"b283f55\" data-element_type=\"widget\" data-e-type=\"widget\" data-widget_type=\"image.default\">\n\t\t\t\t<div class=\"elementor-widget-container\">\n\t\t\t\t\t\t\t\t\t\t\t\t<figure class=\"wp-caption\">\n\t\t\t\t\t\t\t\t\t\t<img loading=\"lazy\" decoding=\"async\" width=\"1024\" height=\"768\" src=\"https:\/\/www.larquit.com\/wp-content\/uploads\/2023\/08\/IMG_20200724_173632_copia-1024x768.jpg\" class=\"attachment-large size-large wp-image-507\" alt=\"Obra y proyecto en Las Rozas\" srcset=\"https:\/\/www.larquit.com\/wp-content\/uploads\/2023\/08\/IMG_20200724_173632_copia-1024x768.jpg 1024w, https:\/\/www.larquit.com\/wp-content\/uploads\/2023\/08\/IMG_20200724_173632_copia-300x225.jpg 300w, https:\/\/www.larquit.com\/wp-content\/uploads\/2023\/08\/IMG_20200724_173632_copia-768x576.jpg 768w, https:\/\/www.larquit.com\/wp-content\/uploads\/2023\/08\/IMG_20200724_173632_copia-16x12.jpg 16w, https:\/\/www.larquit.com\/wp-content\/uploads\/2023\/08\/IMG_20200724_173632_copia.jpg 1440w\" sizes=\"(max-width: 1024px) 100vw, 1024px\" \/>\t\t\t\t\t\t\t\t\t\t\t<figcaption class=\"widget-image-caption wp-caption-text\">Las Rozas de Madrid. Vivienda pasiva. Estructura en CLT.<\/figcaption>\n\t\t\t\t\t\t\t\t\t\t<\/figure>\n\t\t\t\t\t\t\t\t\t<\/div>\n\t\t\t\t<\/div>\n\t\t\t\t<div class=\"elementor-element elementor-element-87e324a elementor-widget elementor-widget-image\" data-id=\"87e324a\" data-element_type=\"widget\" data-e-type=\"widget\" data-widget_type=\"image.default\">\n\t\t\t\t<div class=\"elementor-widget-container\">\n\t\t\t\t\t\t\t\t\t\t\t\t<figure class=\"wp-caption\">\n\t\t\t\t\t\t\t\t\t\t<img loading=\"lazy\" decoding=\"async\" width=\"1024\" height=\"1024\" src=\"https:\/\/www.larquit.com\/wp-content\/uploads\/2023\/08\/IMG_20200502_172740_281-1024x1024.jpg\" class=\"attachment-large size-large wp-image-506\" alt=\"Obra y proyecto en Las Rozas\" srcset=\"https:\/\/www.larquit.com\/wp-content\/uploads\/2023\/08\/IMG_20200502_172740_281-1024x1024.jpg 1024w, https:\/\/www.larquit.com\/wp-content\/uploads\/2023\/08\/IMG_20200502_172740_281-300x300.jpg 300w, https:\/\/www.larquit.com\/wp-content\/uploads\/2023\/08\/IMG_20200502_172740_281-150x150.jpg 150w, https:\/\/www.larquit.com\/wp-content\/uploads\/2023\/08\/IMG_20200502_172740_281-768x768.jpg 768w, https:\/\/www.larquit.com\/wp-content\/uploads\/2023\/08\/IMG_20200502_172740_281-12x12.jpg 12w, https:\/\/www.larquit.com\/wp-content\/uploads\/2023\/08\/IMG_20200502_172740_281.jpg 1080w\" sizes=\"(max-width: 1024px) 100vw, 1024px\" \/>\t\t\t\t\t\t\t\t\t\t\t<figcaption class=\"widget-image-caption wp-caption-text\">Las Rozas de Madrid. Aislamiento de corcho natural bajo cubierta ajardinada. Estructura de CLT.<\/figcaption>\n\t\t\t\t\t\t\t\t\t\t<\/figure>\n\t\t\t\t\t\t\t\t\t<\/div>\n\t\t\t\t<\/div>\n\t\t\t\t<div class=\"elementor-element elementor-element-e8856e7 elementor-widget elementor-widget-image\" data-id=\"e8856e7\" data-element_type=\"widget\" data-e-type=\"widget\" data-widget_type=\"image.default\">\n\t\t\t\t<div class=\"elementor-widget-container\">\n\t\t\t\t\t\t\t\t\t\t\t\t<figure class=\"wp-caption\">\n\t\t\t\t\t\t\t\t\t\t<img loading=\"lazy\" decoding=\"async\" width=\"900\" height=\"675\" src=\"https:\/\/www.larquit.com\/wp-content\/uploads\/2023\/08\/IMG_20201120_111405.jpg\" class=\"attachment-large size-large wp-image-508\" alt=\"Obra y proyecto en Las Rozas\" srcset=\"https:\/\/www.larquit.com\/wp-content\/uploads\/2023\/08\/IMG_20201120_111405.jpg 900w, https:\/\/www.larquit.com\/wp-content\/uploads\/2023\/08\/IMG_20201120_111405-300x225.jpg 300w, https:\/\/www.larquit.com\/wp-content\/uploads\/2023\/08\/IMG_20201120_111405-768x576.jpg 768w, https:\/\/www.larquit.com\/wp-content\/uploads\/2023\/08\/IMG_20201120_111405-16x12.jpg 16w\" sizes=\"(max-width: 900px) 100vw, 900px\" \/>\t\t\t\t\t\t\t\t\t\t\t<figcaption class=\"widget-image-caption wp-caption-text\">Las Rozas de Madrid. Zona de Estudio. Estructura de CLT.<\/figcaption>\n\t\t\t\t\t\t\t\t\t\t<\/figure>\n\t\t\t\t\t\t\t\t\t<\/div>\n\t\t\t\t<\/div>\n\t\t\t\t<div class=\"elementor-element elementor-element-9fc85e0 elementor-widget elementor-widget-image\" data-id=\"9fc85e0\" data-element_type=\"widget\" data-e-type=\"widget\" data-widget_type=\"image.default\">\n\t\t\t\t<div class=\"elementor-widget-container\">\n\t\t\t\t\t\t\t\t\t\t\t\t<figure class=\"wp-caption\">\n\t\t\t\t\t\t\t\t\t\t<img loading=\"lazy\" decoding=\"async\" width=\"1024\" height=\"768\" src=\"https:\/\/www.larquit.com\/wp-content\/uploads\/2023\/08\/IMG_20190226_120851-1024x768.jpg\" class=\"attachment-large size-large wp-image-505\" alt=\"Obra y proyecto en Las Rozas\" srcset=\"https:\/\/www.larquit.com\/wp-content\/uploads\/2023\/08\/IMG_20190226_120851-1024x768.jpg 1024w, https:\/\/www.larquit.com\/wp-content\/uploads\/2023\/08\/IMG_20190226_120851-300x225.jpg 300w, https:\/\/www.larquit.com\/wp-content\/uploads\/2023\/08\/IMG_20190226_120851-768x576.jpg 768w, https:\/\/www.larquit.com\/wp-content\/uploads\/2023\/08\/IMG_20190226_120851-16x12.jpg 16w, https:\/\/www.larquit.com\/wp-content\/uploads\/2023\/08\/IMG_20190226_120851.jpg 1500w\" sizes=\"(max-width: 1024px) 100vw, 1024px\" \/>\t\t\t\t\t\t\t\t\t\t\t<figcaption class=\"widget-image-caption wp-caption-text\">Las Rozas de Madrid. Galer\u00eda en doble altura sobre el sal\u00f3n.<\/figcaption>\n\t\t\t\t\t\t\t\t\t\t<\/figure>\n\t\t\t\t\t\t\t\t\t<\/div>\n\t\t\t\t<\/div>\n\t\t\t\t<div class=\"elementor-element elementor-element-b5b6a99 elementor-widget elementor-widget-image\" data-id=\"b5b6a99\" data-element_type=\"widget\" data-e-type=\"widget\" data-widget_type=\"image.default\">\n\t\t\t\t<div class=\"elementor-widget-container\">\n\t\t\t\t\t\t\t\t\t\t\t\t<figure class=\"wp-caption\">\n\t\t\t\t\t\t\t\t\t\t<img loading=\"lazy\" decoding=\"async\" width=\"1024\" height=\"575\" src=\"https:\/\/www.larquit.com\/wp-content\/uploads\/2023\/08\/LPZ_20191214_123156_2-1024x575.jpg\" class=\"attachment-large size-large wp-image-504\" alt=\"Obra y proyecto en Las Rozas\" srcset=\"https:\/\/www.larquit.com\/wp-content\/uploads\/2023\/08\/LPZ_20191214_123156_2-1024x575.jpg 1024w, https:\/\/www.larquit.com\/wp-content\/uploads\/2023\/08\/LPZ_20191214_123156_2-300x169.jpg 300w, https:\/\/www.larquit.com\/wp-content\/uploads\/2023\/08\/LPZ_20191214_123156_2-768x432.jpg 768w, https:\/\/www.larquit.com\/wp-content\/uploads\/2023\/08\/LPZ_20191214_123156_2-18x10.jpg 18w, https:\/\/www.larquit.com\/wp-content\/uploads\/2023\/08\/LPZ_20191214_123156_2.jpg 1500w\" sizes=\"(max-width: 1024px) 100vw, 1024px\" \/>\t\t\t\t\t\t\t\t\t\t\t<figcaption class=\"widget-image-caption wp-caption-text\">Las Rozas de Madrid. Vivienda pasiva. Fachada sur. Estructura en CLT.<\/figcaption>\n\t\t\t\t\t\t\t\t\t\t<\/figure>\n\t\t\t\t\t\t\t\t\t<\/div>\n\t\t\t\t<\/div>\n\t\t\t\t\t<\/div>\n\t\t<\/div>\n\t\t\t\t\t<\/div>\n\t\t<\/section>\n\t\t\t\t<section class=\"elementor-section elementor-top-section elementor-element elementor-element-7b081c4 elementor-section-boxed elementor-section-height-default elementor-section-height-default\" data-id=\"7b081c4\" data-element_type=\"section\" data-e-type=\"section\">\n\t\t\t\t\t\t<div class=\"elementor-container elementor-column-gap-default\">\n\t\t\t\t\t<div class=\"elementor-column elementor-col-100 elementor-top-column elementor-element elementor-element-c075157\" data-id=\"c075157\" data-element_type=\"column\" data-e-type=\"column\">\n\t\t\t<div class=\"elementor-widget-wrap elementor-element-populated\">\n\t\t\t\t\t\t<div class=\"elementor-element elementor-element-4ff20d6 elementor-widget__width-initial elementor-widget elementor-widget-image\" data-id=\"4ff20d6\" data-element_type=\"widget\" data-e-type=\"widget\" data-widget_type=\"image.default\">\n\t\t\t\t<div class=\"elementor-widget-container\">\n\t\t\t\t\t\t\t\t\t\t\t\t<figure class=\"wp-caption\">\n\t\t\t\t\t\t\t\t\t\t<img loading=\"lazy\" decoding=\"async\" width=\"300\" height=\"300\" src=\"https:\/\/www.larquit.com\/wp-content\/uploads\/2024\/09\/cropped-LARQUIT-004a-300x300.jpg\" class=\"attachment-medium size-medium wp-image-1291\" alt=\"\" srcset=\"https:\/\/www.larquit.com\/wp-content\/uploads\/2024\/09\/cropped-LARQUIT-004a-300x300.jpg 300w, https:\/\/www.larquit.com\/wp-content\/uploads\/2024\/09\/cropped-LARQUIT-004a-150x150.jpg 150w, https:\/\/www.larquit.com\/wp-content\/uploads\/2024\/09\/cropped-LARQUIT-004a-12x12.jpg 12w, https:\/\/www.larquit.com\/wp-content\/uploads\/2024\/09\/cropped-LARQUIT-004a-270x270.jpg 270w, https:\/\/www.larquit.com\/wp-content\/uploads\/2024\/09\/cropped-LARQUIT-004a-192x192.jpg 192w, https:\/\/www.larquit.com\/wp-content\/uploads\/2024\/09\/cropped-LARQUIT-004a-180x180.jpg 180w, https:\/\/www.larquit.com\/wp-content\/uploads\/2024\/09\/cropped-LARQUIT-004a-32x32.jpg 32w, https:\/\/www.larquit.com\/wp-content\/uploads\/2024\/09\/cropped-LARQUIT-004a.jpg 512w\" sizes=\"(max-width: 300px) 100vw, 300px\" \/>\t\t\t\t\t\t\t\t\t\t\t<figcaption class=\"widget-image-caption wp-caption-text\"><\/figcaption>\n\t\t\t\t\t\t\t\t\t\t<\/figure>\n\t\t\t\t\t\t\t\t\t<\/div>\n\t\t\t\t<\/div>\n\t\t\t\t<div class=\"elementor-element elementor-element-90b8920 elementor-widget elementor-widget-image\" data-id=\"90b8920\" data-element_type=\"widget\" data-e-type=\"widget\" data-widget_type=\"image.default\">\n\t\t\t\t<div class=\"elementor-widget-container\">\n\t\t\t\t\t\t\t\t\t\t\t\t<figure class=\"wp-caption\">\n\t\t\t\t\t\t\t\t\t\t<img loading=\"lazy\" decoding=\"async\" width=\"1024\" height=\"683\" src=\"https:\/\/www.larquit.com\/wp-content\/uploads\/2025\/11\/2025_02_26_Nuevo_Baztan-10-1024x683.jpg\" class=\"attachment-large size-large wp-image-1935\" alt=\"\" srcset=\"https:\/\/www.larquit.com\/wp-content\/uploads\/2025\/11\/2025_02_26_Nuevo_Baztan-10-1024x683.jpg 1024w, https:\/\/www.larquit.com\/wp-content\/uploads\/2025\/11\/2025_02_26_Nuevo_Baztan-10-300x200.jpg 300w, https:\/\/www.larquit.com\/wp-content\/uploads\/2025\/11\/2025_02_26_Nuevo_Baztan-10-768x512.jpg 768w, https:\/\/www.larquit.com\/wp-content\/uploads\/2025\/11\/2025_02_26_Nuevo_Baztan-10-1536x1024.jpg 1536w, https:\/\/www.larquit.com\/wp-content\/uploads\/2025\/11\/2025_02_26_Nuevo_Baztan-10-18x12.jpg 18w, https:\/\/www.larquit.com\/wp-content\/uploads\/2025\/11\/2025_02_26_Nuevo_Baztan-10.jpg 1920w\" sizes=\"(max-width: 1024px) 100vw, 1024px\" \/>\t\t\t\t\t\t\t\t\t\t\t<figcaption class=\"widget-image-caption wp-caption-text\">Nuevo Bazt\u00e1n. Madrid. Vivienda pasiva en CLT.  Fotograf\u00edas : www.juanfranciscogomez.es <\/figcaption>\n\t\t\t\t\t\t\t\t\t\t<\/figure>\n\t\t\t\t\t\t\t\t\t<\/div>\n\t\t\t\t<\/div>\n\t\t\t\t<div class=\"elementor-element elementor-element-68f724c elementor-widget elementor-widget-image\" data-id=\"68f724c\" data-element_type=\"widget\" data-e-type=\"widget\" data-widget_type=\"image.default\">\n\t\t\t\t<div class=\"elementor-widget-container\">\n\t\t\t\t\t\t\t\t\t\t\t\t<figure class=\"wp-caption\">\n\t\t\t\t\t\t\t\t\t\t<img loading=\"lazy\" decoding=\"async\" width=\"1024\" height=\"683\" src=\"https:\/\/www.larquit.com\/wp-content\/uploads\/2025\/11\/2025_02_26_Nuevo_Baztan-1-1024x683.jpg\" class=\"attachment-large size-large wp-image-1931\" alt=\"\" srcset=\"https:\/\/www.larquit.com\/wp-content\/uploads\/2025\/11\/2025_02_26_Nuevo_Baztan-1-1024x683.jpg 1024w, https:\/\/www.larquit.com\/wp-content\/uploads\/2025\/11\/2025_02_26_Nuevo_Baztan-1-300x200.jpg 300w, https:\/\/www.larquit.com\/wp-content\/uploads\/2025\/11\/2025_02_26_Nuevo_Baztan-1-768x512.jpg 768w, https:\/\/www.larquit.com\/wp-content\/uploads\/2025\/11\/2025_02_26_Nuevo_Baztan-1-1536x1024.jpg 1536w, https:\/\/www.larquit.com\/wp-content\/uploads\/2025\/11\/2025_02_26_Nuevo_Baztan-1-18x12.jpg 18w, https:\/\/www.larquit.com\/wp-content\/uploads\/2025\/11\/2025_02_26_Nuevo_Baztan-1.jpg 1920w\" sizes=\"(max-width: 1024px) 100vw, 1024px\" \/>\t\t\t\t\t\t\t\t\t\t\t<figcaption class=\"widget-image-caption wp-caption-text\">Nuevo Bazt\u00e1n. Madrid. Vivienda pasiva en CLT. <\/figcaption>\n\t\t\t\t\t\t\t\t\t\t<\/figure>\n\t\t\t\t\t\t\t\t\t<\/div>\n\t\t\t\t<\/div>\n\t\t\t\t<div class=\"elementor-element elementor-element-8c623e5 elementor-widget elementor-widget-image\" data-id=\"8c623e5\" data-element_type=\"widget\" data-e-type=\"widget\" data-widget_type=\"image.default\">\n\t\t\t\t<div class=\"elementor-widget-container\">\n\t\t\t\t\t\t\t\t\t\t\t\t<figure class=\"wp-caption\">\n\t\t\t\t\t\t\t\t\t\t<img loading=\"lazy\" decoding=\"async\" width=\"1024\" height=\"683\" src=\"https:\/\/www.larquit.com\/wp-content\/uploads\/2023\/08\/2025_02_26_Nuevo_Baztan-6-1024x683.jpg\" class=\"attachment-large size-large wp-image-1920\" alt=\"\" srcset=\"https:\/\/www.larquit.com\/wp-content\/uploads\/2023\/08\/2025_02_26_Nuevo_Baztan-6-1024x683.jpg 1024w, https:\/\/www.larquit.com\/wp-content\/uploads\/2023\/08\/2025_02_26_Nuevo_Baztan-6-300x200.jpg 300w, https:\/\/www.larquit.com\/wp-content\/uploads\/2023\/08\/2025_02_26_Nuevo_Baztan-6-768x512.jpg 768w, https:\/\/www.larquit.com\/wp-content\/uploads\/2023\/08\/2025_02_26_Nuevo_Baztan-6-1536x1024.jpg 1536w, https:\/\/www.larquit.com\/wp-content\/uploads\/2023\/08\/2025_02_26_Nuevo_Baztan-6-18x12.jpg 18w, https:\/\/www.larquit.com\/wp-content\/uploads\/2023\/08\/2025_02_26_Nuevo_Baztan-6.jpg 1920w\" sizes=\"(max-width: 1024px) 100vw, 1024px\" \/>\t\t\t\t\t\t\t\t\t\t\t<figcaption class=\"widget-image-caption wp-caption-text\">Nuevo Bazt\u00e1n. Madrid. Vivienda pasiva en CLT. <\/figcaption>\n\t\t\t\t\t\t\t\t\t\t<\/figure>\n\t\t\t\t\t\t\t\t\t<\/div>\n\t\t\t\t<\/div>\n\t\t\t\t<div class=\"elementor-element elementor-element-2ca7911 elementor-widget elementor-widget-image\" data-id=\"2ca7911\" data-element_type=\"widget\" data-e-type=\"widget\" data-widget_type=\"image.default\">\n\t\t\t\t<div class=\"elementor-widget-container\">\n\t\t\t\t\t\t\t\t\t\t\t\t<figure class=\"wp-caption\">\n\t\t\t\t\t\t\t\t\t\t<img loading=\"lazy\" decoding=\"async\" width=\"1024\" height=\"683\" src=\"https:\/\/www.larquit.com\/wp-content\/uploads\/2025\/11\/2025_02_26_Nuevo_Baztan-8-1024x683.jpg\" class=\"attachment-large size-large wp-image-1934\" alt=\"\" srcset=\"https:\/\/www.larquit.com\/wp-content\/uploads\/2025\/11\/2025_02_26_Nuevo_Baztan-8-1024x683.jpg 1024w, https:\/\/www.larquit.com\/wp-content\/uploads\/2025\/11\/2025_02_26_Nuevo_Baztan-8-300x200.jpg 300w, https:\/\/www.larquit.com\/wp-content\/uploads\/2025\/11\/2025_02_26_Nuevo_Baztan-8-768x512.jpg 768w, https:\/\/www.larquit.com\/wp-content\/uploads\/2025\/11\/2025_02_26_Nuevo_Baztan-8-1536x1024.jpg 1536w, https:\/\/www.larquit.com\/wp-content\/uploads\/2025\/11\/2025_02_26_Nuevo_Baztan-8-18x12.jpg 18w, https:\/\/www.larquit.com\/wp-content\/uploads\/2025\/11\/2025_02_26_Nuevo_Baztan-8.jpg 1920w\" sizes=\"(max-width: 1024px) 100vw, 1024px\" \/>\t\t\t\t\t\t\t\t\t\t\t<figcaption class=\"widget-image-caption wp-caption-text\">Nuevo Bazt\u00e1n. Madrid. Vivienda pasiva en CLT. <\/figcaption>\n\t\t\t\t\t\t\t\t\t\t<\/figure>\n\t\t\t\t\t\t\t\t\t<\/div>\n\t\t\t\t<\/div>\n\t\t\t\t<div class=\"elementor-element elementor-element-a97563b elementor-widget elementor-widget-image\" data-id=\"a97563b\" data-element_type=\"widget\" data-e-type=\"widget\" data-widget_type=\"image.default\">\n\t\t\t\t<div class=\"elementor-widget-container\">\n\t\t\t\t\t\t\t\t\t\t\t\t<figure class=\"wp-caption\">\n\t\t\t\t\t\t\t\t\t\t<img loading=\"lazy\" decoding=\"async\" width=\"683\" height=\"1024\" src=\"https:\/\/www.larquit.com\/wp-content\/uploads\/2023\/08\/2025_02_26_Nuevo_Baztan-2-683x1024.jpg\" class=\"attachment-large size-large wp-image-1916\" alt=\"\" srcset=\"https:\/\/www.larquit.com\/wp-content\/uploads\/2023\/08\/2025_02_26_Nuevo_Baztan-2-683x1024.jpg 683w, https:\/\/www.larquit.com\/wp-content\/uploads\/2023\/08\/2025_02_26_Nuevo_Baztan-2-200x300.jpg 200w, https:\/\/www.larquit.com\/wp-content\/uploads\/2023\/08\/2025_02_26_Nuevo_Baztan-2-768x1152.jpg 768w, https:\/\/www.larquit.com\/wp-content\/uploads\/2023\/08\/2025_02_26_Nuevo_Baztan-2-1024x1536.jpg 1024w, https:\/\/www.larquit.com\/wp-content\/uploads\/2023\/08\/2025_02_26_Nuevo_Baztan-2-8x12.jpg 8w, https:\/\/www.larquit.com\/wp-content\/uploads\/2023\/08\/2025_02_26_Nuevo_Baztan-2.jpg 1280w\" sizes=\"(max-width: 683px) 100vw, 683px\" \/>\t\t\t\t\t\t\t\t\t\t\t<figcaption class=\"widget-image-caption wp-caption-text\">Nuevo Bazt\u00e1n. Madrid. Vivienda pasiva en CLT. <\/figcaption>\n\t\t\t\t\t\t\t\t\t\t<\/figure>\n\t\t\t\t\t\t\t\t\t<\/div>\n\t\t\t\t<\/div>\n\t\t\t\t<div class=\"elementor-element elementor-element-2e9715e elementor-widget elementor-widget-image\" data-id=\"2e9715e\" data-element_type=\"widget\" data-e-type=\"widget\" data-widget_type=\"image.default\">\n\t\t\t\t<div class=\"elementor-widget-container\">\n\t\t\t\t\t\t\t\t\t\t\t\t<figure class=\"wp-caption\">\n\t\t\t\t\t\t\t\t\t\t<img loading=\"lazy\" decoding=\"async\" width=\"1024\" height=\"683\" src=\"https:\/\/www.larquit.com\/wp-content\/uploads\/2023\/08\/2025_02_26_Nuevo_Baztan-3-1024x683.jpg\" class=\"attachment-large size-large wp-image-1917\" alt=\"\" srcset=\"https:\/\/www.larquit.com\/wp-content\/uploads\/2023\/08\/2025_02_26_Nuevo_Baztan-3-1024x683.jpg 1024w, https:\/\/www.larquit.com\/wp-content\/uploads\/2023\/08\/2025_02_26_Nuevo_Baztan-3-300x200.jpg 300w, https:\/\/www.larquit.com\/wp-content\/uploads\/2023\/08\/2025_02_26_Nuevo_Baztan-3-768x512.jpg 768w, https:\/\/www.larquit.com\/wp-content\/uploads\/2023\/08\/2025_02_26_Nuevo_Baztan-3-1536x1024.jpg 1536w, https:\/\/www.larquit.com\/wp-content\/uploads\/2023\/08\/2025_02_26_Nuevo_Baztan-3-18x12.jpg 18w, https:\/\/www.larquit.com\/wp-content\/uploads\/2023\/08\/2025_02_26_Nuevo_Baztan-3.jpg 1920w\" sizes=\"(max-width: 1024px) 100vw, 1024px\" \/>\t\t\t\t\t\t\t\t\t\t\t<figcaption class=\"widget-image-caption wp-caption-text\">Nuevo Bazt\u00e1n. Madrid. Vivienda pasiva en CLT. <\/figcaption>\n\t\t\t\t\t\t\t\t\t\t<\/figure>\n\t\t\t\t\t\t\t\t\t<\/div>\n\t\t\t\t<\/div>\n\t\t\t\t<div class=\"elementor-element elementor-element-c256110 elementor-widget elementor-widget-image\" data-id=\"c256110\" data-element_type=\"widget\" data-e-type=\"widget\" data-widget_type=\"image.default\">\n\t\t\t\t<div class=\"elementor-widget-container\">\n\t\t\t\t\t\t\t\t\t\t\t\t<figure class=\"wp-caption\">\n\t\t\t\t\t\t\t\t\t\t<img loading=\"lazy\" decoding=\"async\" width=\"683\" height=\"1024\" src=\"https:\/\/www.larquit.com\/wp-content\/uploads\/2023\/08\/2025_02_26_Nuevo_Baztan-7-683x1024.jpg\" class=\"attachment-large size-large wp-image-1921\" alt=\"\" srcset=\"https:\/\/www.larquit.com\/wp-content\/uploads\/2023\/08\/2025_02_26_Nuevo_Baztan-7-683x1024.jpg 683w, https:\/\/www.larquit.com\/wp-content\/uploads\/2023\/08\/2025_02_26_Nuevo_Baztan-7-200x300.jpg 200w, https:\/\/www.larquit.com\/wp-content\/uploads\/2023\/08\/2025_02_26_Nuevo_Baztan-7-768x1152.jpg 768w, https:\/\/www.larquit.com\/wp-content\/uploads\/2023\/08\/2025_02_26_Nuevo_Baztan-7-1024x1536.jpg 1024w, https:\/\/www.larquit.com\/wp-content\/uploads\/2023\/08\/2025_02_26_Nuevo_Baztan-7-8x12.jpg 8w, https:\/\/www.larquit.com\/wp-content\/uploads\/2023\/08\/2025_02_26_Nuevo_Baztan-7.jpg 1280w\" sizes=\"(max-width: 683px) 100vw, 683px\" \/>\t\t\t\t\t\t\t\t\t\t\t<figcaption class=\"widget-image-caption wp-caption-text\">Nuevo Bazt\u00e1n. Madrid. Vivienda pasiva en CLT. <\/figcaption>\n\t\t\t\t\t\t\t\t\t\t<\/figure>\n\t\t\t\t\t\t\t\t\t<\/div>\n\t\t\t\t<\/div>\n\t\t\t\t<div class=\"elementor-element elementor-element-97037c6 elementor-widget elementor-widget-image\" data-id=\"97037c6\" data-element_type=\"widget\" data-e-type=\"widget\" data-widget_type=\"image.default\">\n\t\t\t\t<div class=\"elementor-widget-container\">\n\t\t\t\t\t\t\t\t\t\t\t\t<figure class=\"wp-caption\">\n\t\t\t\t\t\t\t\t\t\t<img loading=\"lazy\" decoding=\"async\" width=\"1024\" height=\"683\" src=\"https:\/\/www.larquit.com\/wp-content\/uploads\/2023\/08\/2025_02_26_Nuevo_Baztan-4-1024x683.jpg\" class=\"attachment-large size-large wp-image-1918\" alt=\"\" srcset=\"https:\/\/www.larquit.com\/wp-content\/uploads\/2023\/08\/2025_02_26_Nuevo_Baztan-4-1024x683.jpg 1024w, https:\/\/www.larquit.com\/wp-content\/uploads\/2023\/08\/2025_02_26_Nuevo_Baztan-4-300x200.jpg 300w, https:\/\/www.larquit.com\/wp-content\/uploads\/2023\/08\/2025_02_26_Nuevo_Baztan-4-768x512.jpg 768w, https:\/\/www.larquit.com\/wp-content\/uploads\/2023\/08\/2025_02_26_Nuevo_Baztan-4-1536x1024.jpg 1536w, https:\/\/www.larquit.com\/wp-content\/uploads\/2023\/08\/2025_02_26_Nuevo_Baztan-4-18x12.jpg 18w, https:\/\/www.larquit.com\/wp-content\/uploads\/2023\/08\/2025_02_26_Nuevo_Baztan-4.jpg 1920w\" sizes=\"(max-width: 1024px) 100vw, 1024px\" \/>\t\t\t\t\t\t\t\t\t\t\t<figcaption class=\"widget-image-caption wp-caption-text\">Nuevo Bazt\u00e1n. Madrid. Vivienda pasiva en CLT. <\/figcaption>\n\t\t\t\t\t\t\t\t\t\t<\/figure>\n\t\t\t\t\t\t\t\t\t<\/div>\n\t\t\t\t<\/div>\n\t\t\t\t<div class=\"elementor-element elementor-element-f3065e3 elementor-widget elementor-widget-image\" data-id=\"f3065e3\" data-element_type=\"widget\" data-e-type=\"widget\" data-widget_type=\"image.default\">\n\t\t\t\t<div class=\"elementor-widget-container\">\n\t\t\t\t\t\t\t\t\t\t\t\t<figure class=\"wp-caption\">\n\t\t\t\t\t\t\t\t\t\t<img loading=\"lazy\" decoding=\"async\" width=\"1024\" height=\"683\" src=\"https:\/\/www.larquit.com\/wp-content\/uploads\/2023\/08\/2025_02_26_Nuevo_Baztan-5-1024x683.jpg\" class=\"attachment-large size-large wp-image-1919\" alt=\"\" srcset=\"https:\/\/www.larquit.com\/wp-content\/uploads\/2023\/08\/2025_02_26_Nuevo_Baztan-5-1024x683.jpg 1024w, https:\/\/www.larquit.com\/wp-content\/uploads\/2023\/08\/2025_02_26_Nuevo_Baztan-5-300x200.jpg 300w, https:\/\/www.larquit.com\/wp-content\/uploads\/2023\/08\/2025_02_26_Nuevo_Baztan-5-768x512.jpg 768w, https:\/\/www.larquit.com\/wp-content\/uploads\/2023\/08\/2025_02_26_Nuevo_Baztan-5-1536x1024.jpg 1536w, https:\/\/www.larquit.com\/wp-content\/uploads\/2023\/08\/2025_02_26_Nuevo_Baztan-5-18x12.jpg 18w, https:\/\/www.larquit.com\/wp-content\/uploads\/2023\/08\/2025_02_26_Nuevo_Baztan-5.jpg 1920w\" sizes=\"(max-width: 1024px) 100vw, 1024px\" \/>\t\t\t\t\t\t\t\t\t\t\t<figcaption class=\"widget-image-caption wp-caption-text\">Nuevo Bazt\u00e1n. Madrid. Vivienda pasiva en CLT. <\/figcaption>\n\t\t\t\t\t\t\t\t\t\t<\/figure>\n\t\t\t\t\t\t\t\t\t<\/div>\n\t\t\t\t<\/div>\n\t\t\t\t<div class=\"elementor-element elementor-element-47d5c2e elementor-widget elementor-widget-image\" data-id=\"47d5c2e\" data-element_type=\"widget\" data-e-type=\"widget\" data-widget_type=\"image.default\">\n\t\t\t\t<div class=\"elementor-widget-container\">\n\t\t\t\t\t\t\t\t\t\t\t\t<figure class=\"wp-caption\">\n\t\t\t\t\t\t\t\t\t\t<img loading=\"lazy\" decoding=\"async\" width=\"1024\" height=\"426\" src=\"https:\/\/www.larquit.com\/wp-content\/uploads\/2023\/08\/07-1024x426.jpg\" class=\"attachment-large size-large wp-image-556\" alt=\"Plano de obras en vivienda unifamiliar\" srcset=\"https:\/\/www.larquit.com\/wp-content\/uploads\/2023\/08\/07-1024x426.jpg 1024w, https:\/\/www.larquit.com\/wp-content\/uploads\/2023\/08\/07-300x125.jpg 300w, https:\/\/www.larquit.com\/wp-content\/uploads\/2023\/08\/07-768x320.jpg 768w, https:\/\/www.larquit.com\/wp-content\/uploads\/2023\/08\/07-18x7.jpg 18w, https:\/\/www.larquit.com\/wp-content\/uploads\/2023\/08\/07.jpg 1362w\" sizes=\"(max-width: 1024px) 100vw, 1024px\" \/>\t\t\t\t\t\t\t\t\t\t\t<figcaption class=\"widget-image-caption wp-caption-text\">Nuevo Bazt\u00e1n. Madrid. Vivienda pasiva en CLT. <\/figcaption>\n\t\t\t\t\t\t\t\t\t\t<\/figure>\n\t\t\t\t\t\t\t\t\t<\/div>\n\t\t\t\t<\/div>\n\t\t\t\t<div class=\"elementor-element elementor-element-a456f15 elementor-widget elementor-widget-image\" data-id=\"a456f15\" data-element_type=\"widget\" data-e-type=\"widget\" data-widget_type=\"image.default\">\n\t\t\t\t<div class=\"elementor-widget-container\">\n\t\t\t\t\t\t\t\t\t\t\t\t<figure class=\"wp-caption\">\n\t\t\t\t\t\t\t\t\t\t<img loading=\"lazy\" decoding=\"async\" width=\"1024\" height=\"683\" src=\"https:\/\/www.larquit.com\/wp-content\/uploads\/2023\/08\/2025_02_26_Nuevo_Baztan-9-1024x683.jpg\" class=\"attachment-large size-large wp-image-1923\" alt=\"\" srcset=\"https:\/\/www.larquit.com\/wp-content\/uploads\/2023\/08\/2025_02_26_Nuevo_Baztan-9-1024x683.jpg 1024w, https:\/\/www.larquit.com\/wp-content\/uploads\/2023\/08\/2025_02_26_Nuevo_Baztan-9-300x200.jpg 300w, https:\/\/www.larquit.com\/wp-content\/uploads\/2023\/08\/2025_02_26_Nuevo_Baztan-9-768x512.jpg 768w, https:\/\/www.larquit.com\/wp-content\/uploads\/2023\/08\/2025_02_26_Nuevo_Baztan-9-1536x1024.jpg 1536w, https:\/\/www.larquit.com\/wp-content\/uploads\/2023\/08\/2025_02_26_Nuevo_Baztan-9-18x12.jpg 18w, https:\/\/www.larquit.com\/wp-content\/uploads\/2023\/08\/2025_02_26_Nuevo_Baztan-9.jpg 1920w\" sizes=\"(max-width: 1024px) 100vw, 1024px\" \/>\t\t\t\t\t\t\t\t\t\t\t<figcaption class=\"widget-image-caption wp-caption-text\">Nuevo Bazt\u00e1n. Madrid. Vivienda pasiva en CLT. <\/figcaption>\n\t\t\t\t\t\t\t\t\t\t<\/figure>\n\t\t\t\t\t\t\t\t\t<\/div>\n\t\t\t\t<\/div>\n\t\t\t\t<div class=\"elementor-element elementor-element-3c36c04 elementor-widget elementor-widget-image\" data-id=\"3c36c04\" data-element_type=\"widget\" data-e-type=\"widget\" data-widget_type=\"image.default\">\n\t\t\t\t<div class=\"elementor-widget-container\">\n\t\t\t\t\t\t\t\t\t\t\t\t<figure class=\"wp-caption\">\n\t\t\t\t\t\t\t\t\t\t<img loading=\"lazy\" decoding=\"async\" width=\"1024\" height=\"683\" src=\"https:\/\/www.larquit.com\/wp-content\/uploads\/2023\/08\/DSCF6058-1024x683.jpg\" class=\"attachment-large size-large wp-image-558\" alt=\"Obras en vivienda unifamiliar\" srcset=\"https:\/\/www.larquit.com\/wp-content\/uploads\/2023\/08\/DSCF6058-1024x683.jpg 1024w, https:\/\/www.larquit.com\/wp-content\/uploads\/2023\/08\/DSCF6058-300x200.jpg 300w, https:\/\/www.larquit.com\/wp-content\/uploads\/2023\/08\/DSCF6058-768x512.jpg 768w, https:\/\/www.larquit.com\/wp-content\/uploads\/2023\/08\/DSCF6058-18x12.jpg 18w, https:\/\/www.larquit.com\/wp-content\/uploads\/2023\/08\/DSCF6058.jpg 1500w\" sizes=\"(max-width: 1024px) 100vw, 1024px\" \/>\t\t\t\t\t\t\t\t\t\t\t<figcaption class=\"widget-image-caption wp-caption-text\">Nuevo Bazt\u00e1n. Madrid. Sal\u00f3n-comedor<\/figcaption>\n\t\t\t\t\t\t\t\t\t\t<\/figure>\n\t\t\t\t\t\t\t\t\t<\/div>\n\t\t\t\t<\/div>\n\t\t\t\t<div class=\"elementor-element elementor-element-e43a763 elementor-widget__width-initial elementor-widget elementor-widget-image\" data-id=\"e43a763\" data-element_type=\"widget\" data-e-type=\"widget\" data-widget_type=\"image.default\">\n\t\t\t\t<div class=\"elementor-widget-container\">\n\t\t\t\t\t\t\t\t\t\t\t\t<figure class=\"wp-caption\">\n\t\t\t\t\t\t\t\t\t\t<img loading=\"lazy\" decoding=\"async\" width=\"300\" height=\"300\" src=\"https:\/\/www.larquit.com\/wp-content\/uploads\/2024\/09\/cropped-LARQUIT-004a-300x300.jpg\" class=\"attachment-medium size-medium wp-image-1291\" alt=\"\" srcset=\"https:\/\/www.larquit.com\/wp-content\/uploads\/2024\/09\/cropped-LARQUIT-004a-300x300.jpg 300w, https:\/\/www.larquit.com\/wp-content\/uploads\/2024\/09\/cropped-LARQUIT-004a-150x150.jpg 150w, https:\/\/www.larquit.com\/wp-content\/uploads\/2024\/09\/cropped-LARQUIT-004a-12x12.jpg 12w, https:\/\/www.larquit.com\/wp-content\/uploads\/2024\/09\/cropped-LARQUIT-004a-270x270.jpg 270w, https:\/\/www.larquit.com\/wp-content\/uploads\/2024\/09\/cropped-LARQUIT-004a-192x192.jpg 192w, https:\/\/www.larquit.com\/wp-content\/uploads\/2024\/09\/cropped-LARQUIT-004a-180x180.jpg 180w, https:\/\/www.larquit.com\/wp-content\/uploads\/2024\/09\/cropped-LARQUIT-004a-32x32.jpg 32w, https:\/\/www.larquit.com\/wp-content\/uploads\/2024\/09\/cropped-LARQUIT-004a.jpg 512w\" sizes=\"(max-width: 300px) 100vw, 300px\" \/>\t\t\t\t\t\t\t\t\t\t\t<figcaption class=\"widget-image-caption wp-caption-text\"><\/figcaption>\n\t\t\t\t\t\t\t\t\t\t<\/figure>\n\t\t\t\t\t\t\t\t\t<\/div>\n\t\t\t\t<\/div>\n\t\t\t\t<div class=\"elementor-element elementor-element-7511030 elementor-widget elementor-widget-image\" data-id=\"7511030\" data-element_type=\"widget\" data-e-type=\"widget\" data-widget_type=\"image.default\">\n\t\t\t\t<div class=\"elementor-widget-container\">\n\t\t\t\t\t\t\t\t\t\t\t\t<figure class=\"wp-caption\">\n\t\t\t\t\t\t\t\t\t\t<img loading=\"lazy\" decoding=\"async\" width=\"1024\" height=\"683\" src=\"https:\/\/www.larquit.com\/wp-content\/uploads\/2025\/09\/2024_11_12_Alameda_del_Valle-1-1024x683.jpg\" class=\"attachment-large size-large wp-image-1768\" alt=\"\" srcset=\"https:\/\/www.larquit.com\/wp-content\/uploads\/2025\/09\/2024_11_12_Alameda_del_Valle-1-1024x683.jpg 1024w, https:\/\/www.larquit.com\/wp-content\/uploads\/2025\/09\/2024_11_12_Alameda_del_Valle-1-300x200.jpg 300w, https:\/\/www.larquit.com\/wp-content\/uploads\/2025\/09\/2024_11_12_Alameda_del_Valle-1-768x512.jpg 768w, https:\/\/www.larquit.com\/wp-content\/uploads\/2025\/09\/2024_11_12_Alameda_del_Valle-1-18x12.jpg 18w, https:\/\/www.larquit.com\/wp-content\/uploads\/2025\/09\/2024_11_12_Alameda_del_Valle-1.jpg 1500w\" sizes=\"(max-width: 1024px) 100vw, 1024px\" \/>\t\t\t\t\t\t\t\t\t\t\t<figcaption class=\"widget-image-caption wp-caption-text\">Alameda del Valle.  Madrid. Alzado Este. Estructura de CLT. Fotograf\u00eda de Juan Francisco G\u00f3mez<\/figcaption>\n\t\t\t\t\t\t\t\t\t\t<\/figure>\n\t\t\t\t\t\t\t\t\t<\/div>\n\t\t\t\t<\/div>\n\t\t\t\t<div class=\"elementor-element elementor-element-fcb0008 elementor-widget elementor-widget-image\" data-id=\"fcb0008\" data-element_type=\"widget\" data-e-type=\"widget\" data-widget_type=\"image.default\">\n\t\t\t\t<div class=\"elementor-widget-container\">\n\t\t\t\t\t\t\t\t\t\t\t\t<figure class=\"wp-caption\">\n\t\t\t\t\t\t\t\t\t\t<img loading=\"lazy\" decoding=\"async\" width=\"1024\" height=\"683\" src=\"https:\/\/www.larquit.com\/wp-content\/uploads\/2025\/09\/2024_11_12_Alameda_del_Valle-7-1024x683.jpg\" class=\"attachment-large size-large wp-image-1769\" alt=\"\" srcset=\"https:\/\/www.larquit.com\/wp-content\/uploads\/2025\/09\/2024_11_12_Alameda_del_Valle-7-1024x683.jpg 1024w, https:\/\/www.larquit.com\/wp-content\/uploads\/2025\/09\/2024_11_12_Alameda_del_Valle-7-300x200.jpg 300w, https:\/\/www.larquit.com\/wp-content\/uploads\/2025\/09\/2024_11_12_Alameda_del_Valle-7-768x512.jpg 768w, https:\/\/www.larquit.com\/wp-content\/uploads\/2025\/09\/2024_11_12_Alameda_del_Valle-7-18x12.jpg 18w, https:\/\/www.larquit.com\/wp-content\/uploads\/2025\/09\/2024_11_12_Alameda_del_Valle-7.jpg 1500w\" sizes=\"(max-width: 1024px) 100vw, 1024px\" \/>\t\t\t\t\t\t\t\t\t\t\t<figcaption class=\"widget-image-caption wp-caption-text\">Alameda del Valle. Madrid. Vivienda pasiva. Estructura de CLT. Fotograf\u00eda de Juan Francisco G\u00f3mez<\/figcaption>\n\t\t\t\t\t\t\t\t\t\t<\/figure>\n\t\t\t\t\t\t\t\t\t<\/div>\n\t\t\t\t<\/div>\n\t\t\t\t<div class=\"elementor-element elementor-element-0fb9138 elementor-widget elementor-widget-image\" data-id=\"0fb9138\" data-element_type=\"widget\" data-e-type=\"widget\" data-widget_type=\"image.default\">\n\t\t\t\t<div class=\"elementor-widget-container\">\n\t\t\t\t\t\t\t\t\t\t\t\t<figure class=\"wp-caption\">\n\t\t\t\t\t\t\t\t\t\t<img loading=\"lazy\" decoding=\"async\" width=\"1024\" height=\"683\" src=\"https:\/\/www.larquit.com\/wp-content\/uploads\/2025\/09\/2024_11_12_Alameda_del_Valle-8-1024x683.jpg\" class=\"attachment-large size-large wp-image-1770\" alt=\"\" srcset=\"https:\/\/www.larquit.com\/wp-content\/uploads\/2025\/09\/2024_11_12_Alameda_del_Valle-8-1024x683.jpg 1024w, https:\/\/www.larquit.com\/wp-content\/uploads\/2025\/09\/2024_11_12_Alameda_del_Valle-8-300x200.jpg 300w, https:\/\/www.larquit.com\/wp-content\/uploads\/2025\/09\/2024_11_12_Alameda_del_Valle-8-768x512.jpg 768w, https:\/\/www.larquit.com\/wp-content\/uploads\/2025\/09\/2024_11_12_Alameda_del_Valle-8-18x12.jpg 18w, https:\/\/www.larquit.com\/wp-content\/uploads\/2025\/09\/2024_11_12_Alameda_del_Valle-8.jpg 1500w\" sizes=\"(max-width: 1024px) 100vw, 1024px\" \/>\t\t\t\t\t\t\t\t\t\t\t<figcaption class=\"widget-image-caption wp-caption-text\">Alameda del Valle. Madrid. Vivienda pasiva. Estructura de CLT. Fotograf\u00eda de Juan Francisco G\u00f3mez<\/figcaption>\n\t\t\t\t\t\t\t\t\t\t<\/figure>\n\t\t\t\t\t\t\t\t\t<\/div>\n\t\t\t\t<\/div>\n\t\t\t\t<div class=\"elementor-element elementor-element-1318111 elementor-widget elementor-widget-image\" data-id=\"1318111\" data-element_type=\"widget\" data-e-type=\"widget\" data-widget_type=\"image.default\">\n\t\t\t\t<div class=\"elementor-widget-container\">\n\t\t\t\t\t\t\t\t\t\t\t\t<figure class=\"wp-caption\">\n\t\t\t\t\t\t\t\t\t\t<img loading=\"lazy\" decoding=\"async\" width=\"535\" height=\"535\" src=\"https:\/\/www.larquit.com\/wp-content\/uploads\/2024\/10\/IMG_20200827_200626_605.jpg\" class=\"attachment-large size-large wp-image-1335\" alt=\"\" srcset=\"https:\/\/www.larquit.com\/wp-content\/uploads\/2024\/10\/IMG_20200827_200626_605.jpg 535w, https:\/\/www.larquit.com\/wp-content\/uploads\/2024\/10\/IMG_20200827_200626_605-300x300.jpg 300w, https:\/\/www.larquit.com\/wp-content\/uploads\/2024\/10\/IMG_20200827_200626_605-150x150.jpg 150w, https:\/\/www.larquit.com\/wp-content\/uploads\/2024\/10\/IMG_20200827_200626_605-12x12.jpg 12w\" sizes=\"(max-width: 535px) 100vw, 535px\" \/>\t\t\t\t\t\t\t\t\t\t\t<figcaption class=\"widget-image-caption wp-caption-text\">Proyecto en Guadarrama. Madrid. Estructura mixta:  met\u00e1lica con CLT.<\/figcaption>\n\t\t\t\t\t\t\t\t\t\t<\/figure>\n\t\t\t\t\t\t\t\t\t<\/div>\n\t\t\t\t<\/div>\n\t\t\t\t\t<\/div>\n\t\t<\/div>\n\t\t\t\t\t<\/div>\n\t\t<\/section>\n\t\t\t\t<section class=\"elementor-section elementor-top-section elementor-element elementor-element-8c94785 elementor-section-boxed elementor-section-height-default elementor-section-height-default\" data-id=\"8c94785\" data-element_type=\"section\" data-e-type=\"section\">\n\t\t\t\t\t\t<div class=\"elementor-container elementor-column-gap-default\">\n\t\t\t\t\t<div class=\"elementor-column elementor-col-100 elementor-top-column elementor-element elementor-element-e699748\" data-id=\"e699748\" data-element_type=\"column\" data-e-type=\"column\">\n\t\t\t<div class=\"elementor-widget-wrap\">\n\t\t\t\t\t\t\t<\/div>\n\t\t<\/div>\n\t\t\t\t\t<\/div>\n\t\t<\/section>\n\t\t\t\t<section class=\"elementor-section elementor-top-section elementor-element elementor-element-a6e7deb elementor-section-boxed elementor-section-height-default elementor-section-height-default\" data-id=\"a6e7deb\" data-element_type=\"section\" data-e-type=\"section\">\n\t\t\t\t\t\t<div class=\"elementor-container elementor-column-gap-default\">\n\t\t\t\t\t<div class=\"elementor-column elementor-col-100 elementor-top-column elementor-element elementor-element-57d0440\" data-id=\"57d0440\" data-element_type=\"column\" data-e-type=\"column\">\n\t\t\t<div class=\"elementor-widget-wrap elementor-element-populated\">\n\t\t\t\t\t\t<div class=\"elementor-element elementor-element-b578ae7 elementor-shape-rounded elementor-grid-0 e-grid-align-center elementor-widget elementor-widget-social-icons\" data-id=\"b578ae7\" data-element_type=\"widget\" data-e-type=\"widget\" data-widget_type=\"social-icons.default\">\n\t\t\t\t<div class=\"elementor-widget-container\">\n\t\t\t\t\t\t\t<div class=\"elementor-social-icons-wrapper elementor-grid\" role=\"list\">\n\t\t\t\t\t\t\t<span class=\"elementor-grid-item\" role=\"listitem\">\n\t\t\t\t\t<a class=\"elementor-icon elementor-social-icon elementor-social-icon-facebook elementor-repeater-item-638fbfc\" target=\"_blank\">\n\t\t\t\t\t\t<span class=\"elementor-screen-only\">Facebook<\/span>\n\t\t\t\t\t\t<i aria-hidden=\"true\" class=\"fab fa-facebook\"><\/i>\t\t\t\t\t<\/a>\n\t\t\t\t<\/span>\n\t\t\t\t\t\t\t<span class=\"elementor-grid-item\" role=\"listitem\">\n\t\t\t\t\t<a class=\"elementor-icon elementor-social-icon elementor-social-icon-twitter elementor-repeater-item-ee2ffd0\" target=\"_blank\">\n\t\t\t\t\t\t<span class=\"elementor-screen-only\">Twitter<\/span>\n\t\t\t\t\t\t<i aria-hidden=\"true\" class=\"fab fa-twitter\"><\/i>\t\t\t\t\t<\/a>\n\t\t\t\t<\/span>\n\t\t\t\t\t\t\t<span class=\"elementor-grid-item\" role=\"listitem\">\n\t\t\t\t\t<a class=\"elementor-icon elementor-social-icon elementor-social-icon-youtube elementor-repeater-item-c4629a3\" target=\"_blank\">\n\t\t\t\t\t\t<span class=\"elementor-screen-only\">Youtube<\/span>\n\t\t\t\t\t\t<i aria-hidden=\"true\" class=\"fab fa-youtube\"><\/i>\t\t\t\t\t<\/a>\n\t\t\t\t<\/span>\n\t\t\t\t\t<\/div>\n\t\t\t\t\t\t<\/div>\n\t\t\t\t<\/div>\n\t\t\t\t\t<\/div>\n\t\t<\/div>\n\t\t\t\t\t<\/div>\n\t\t<\/section>\n\t\t\t\t<section class=\"elementor-section elementor-top-section elementor-element elementor-element-2b34fe8 elementor-section-boxed elementor-section-height-default elementor-section-height-default\" data-id=\"2b34fe8\" data-element_type=\"section\" data-e-type=\"section\">\n\t\t\t\t\t\t<div class=\"elementor-container elementor-column-gap-default\">\n\t\t\t\t\t<div class=\"elementor-column elementor-col-100 elementor-top-column elementor-element elementor-element-cc6e12c\" data-id=\"cc6e12c\" data-element_type=\"column\" data-e-type=\"column\">\n\t\t\t<div class=\"elementor-widget-wrap elementor-element-populated\">\n\t\t\t\t\t\t<div class=\"elementor-element elementor-element-374af36 elementor-toc--minimized-on-tablet elementor-widget elementor-widget-table-of-contents\" data-id=\"374af36\" data-element_type=\"widget\" data-e-type=\"widget\" data-settings=\"{&quot;exclude_headings_by_selector&quot;:[],&quot;no_headings_message&quot;:&quot;No se ha encontrado ning\\u00fan encabezado en esta p\\u00e1gina.&quot;,&quot;headings_by_tags&quot;:[&quot;h2&quot;,&quot;h3&quot;,&quot;h4&quot;,&quot;h5&quot;,&quot;h6&quot;],&quot;marker_view&quot;:&quot;numbers&quot;,&quot;minimize_box&quot;:&quot;yes&quot;,&quot;minimized_on&quot;:&quot;tablet&quot;,&quot;hierarchical_view&quot;:&quot;yes&quot;,&quot;min_height&quot;:{&quot;unit&quot;:&quot;px&quot;,&quot;size&quot;:&quot;&quot;,&quot;sizes&quot;:[]},&quot;min_height_tablet&quot;:{&quot;unit&quot;:&quot;px&quot;,&quot;size&quot;:&quot;&quot;,&quot;sizes&quot;:[]},&quot;min_height_mobile&quot;:{&quot;unit&quot;:&quot;px&quot;,&quot;size&quot;:&quot;&quot;,&quot;sizes&quot;:[]}}\" data-widget_type=\"table-of-contents.default\">\n\t\t\t\t<div class=\"elementor-widget-container\">\n\t\t\t\t\t\t\t\t\t<div class=\"elementor-toc__header\">\n\t\t\t\t\t\t<h4 class=\"elementor-toc__header-title\">\n\t\t\t\tTabla de contenidos\t\t\t<\/h4>\n\t\t\t\t\t\t\t\t\t\t<div class=\"elementor-toc__toggle-button elementor-toc__toggle-button--expand\" role=\"button\" tabindex=\"0\" aria-controls=\"elementor-toc__374af36\" aria-expanded=\"true\" aria-label=\"Abrir la tabla de contenidos\"><i aria-hidden=\"true\" class=\"fas fa-chevron-down\"><\/i><\/div>\n\t\t\t\t<div class=\"elementor-toc__toggle-button elementor-toc__toggle-button--collapse\" role=\"button\" tabindex=\"0\" aria-controls=\"elementor-toc__374af36\" aria-expanded=\"true\" aria-label=\"Cerrar la tabla de contenidos\"><i aria-hidden=\"true\" class=\"fas fa-chevron-up\"><\/i><\/div>\n\t\t\t\t\t<\/div>\n\t\t\t\t<div id=\"elementor-toc__374af36\" class=\"elementor-toc__body\">\n\t\t\t<div class=\"elementor-toc__spinner-container\">\n\t\t\t\t<i class=\"elementor-toc__spinner eicon-animation-spin eicon-loading\" aria-hidden=\"true\"><\/i>\t\t\t<\/div>\n\t\t<\/div>\n\t\t\t\t\t\t<\/div>\n\t\t\t\t<\/div>\n\t\t\t\t\t<\/div>\n\t\t<\/div>\n\t\t\t\t\t<\/div>\n\t\t<\/section>\n\t\t\t\t<section class=\"elementor-section elementor-top-section elementor-element elementor-element-04c6671 elementor-section-boxed elementor-section-height-default elementor-section-height-default\" data-id=\"04c6671\" data-element_type=\"section\" data-e-type=\"section\">\n\t\t\t\t\t\t<div class=\"elementor-container elementor-column-gap-default\">\n\t\t\t\t\t<div class=\"elementor-column elementor-col-100 elementor-top-column elementor-element elementor-element-5e2c1d5\" data-id=\"5e2c1d5\" data-element_type=\"column\" data-e-type=\"column\">\n\t\t\t<div class=\"elementor-widget-wrap elementor-element-populated\">\n\t\t\t\t\t\t<div class=\"elementor-element elementor-element-ad008b2 elementor-widget elementor-widget-spacer\" data-id=\"ad008b2\" data-element_type=\"widget\" data-e-type=\"widget\" data-widget_type=\"spacer.default\">\n\t\t\t\t<div class=\"elementor-widget-container\">\n\t\t\t\t\t\t\t<div class=\"elementor-spacer\">\n\t\t\t<div class=\"elementor-spacer-inner\"><\/div>\n\t\t<\/div>\n\t\t\t\t\t\t<\/div>\n\t\t\t\t<\/div>\n\t\t\t\t\t<\/div>\n\t\t<\/div>\n\t\t\t\t\t<\/div>\n\t\t<\/section>\n\t\t\t\t<\/div>\n\t\t","protected":false},"excerpt":{"rendered":"<p>Estudio de Arquitectura Edificaci\u00f3n sostenible PROYECTOS EN CLT (MADERA CONTRALAMINADA) El Casar. Vivienda pasiva. Estructura en CLT. Fotograf\u00eda de Juan Francisco G\u00f3mez El Casar. Vivienda pasiva. Estructura en CLT. Fotograf\u00eda de Juan Francisco G\u00f3mez El Casar. Vivienda pasiva. Estructura en CLT. Fotograf\u00eda de Juan Francisco G\u00f3mez El Casar.Vivienda pasiva. Estructura en CLT. Fotograf\u00eda de Juan [&hellip;]<\/p>\n","protected":false},"author":1,"featured_media":912,"parent":0,"menu_order":2,"comment_status":"closed","ping_status":"closed","template":"","meta":{"_acf_changed":false,"site-sidebar-layout":"no-sidebar","site-content-layout":"page-builder","ast-site-content-layout":"full-width-container","site-content-style":"unboxed","site-sidebar-style":"unboxed","ast-global-header-display":"","ast-banner-title-visibility":"","ast-main-header-display":"","ast-hfb-above-header-display":"","ast-hfb-below-header-display":"","ast-hfb-mobile-header-display":"","site-post-title":"disabled","ast-breadcrumbs-content":"","ast-featured-img":"disabled","footer-sml-layout":"","ast-disable-related-posts":"","theme-transparent-header-meta":"default","adv-header-id-meta":"","stick-header-meta":"default","header-above-stick-meta":"","header-main-stick-meta":"","header-below-stick-meta":"","astra-migrate-meta-layouts":"set","ast-page-background-enabled":"default","ast-page-background-meta":{"desktop":{"background-color":"","background-image":"","background-repeat":"repeat","background-position":"center center","background-size":"auto","background-attachment":"scroll","background-type":"","background-media":"","overlay-type":"","overlay-color":"","overlay-opacity":"","overlay-gradient":""},"tablet":{"background-color":"","background-image":"","background-repeat":"repeat","background-position":"center center","background-size":"auto","background-attachment":"scroll","background-type":"","background-media":"","overlay-type":"","overlay-color":"","overlay-opacity":"","overlay-gradient":""},"mobile":{"background-color":"","background-image":"","background-repeat":"repeat","background-position":"center center","background-size":"auto","background-attachment":"scroll","background-type":"","background-media":"","overlay-type":"","overlay-color":"","overlay-opacity":"","overlay-gradient":""}},"ast-content-background-meta":{"desktop":{"background-color":"var(--ast-global-color-5)","background-image":"","background-repeat":"repeat","background-position":"center center","background-size":"auto","background-attachment":"scroll","background-type":"","background-media":"","overlay-type":"","overlay-color":"","overlay-opacity":"","overlay-gradient":""},"tablet":{"background-color":"var(--ast-global-color-5)","background-image":"","background-repeat":"repeat","background-position":"center center","background-size":"auto","background-attachment":"scroll","background-type":"","background-media":"","overlay-type":"","overlay-color":"","overlay-opacity":"","overlay-gradient":""},"mobile":{"background-color":"var(--ast-global-color-5)","background-image":"","background-repeat":"repeat","background-position":"center center","background-size":"auto","background-attachment":"scroll","background-type":"","background-media":"","overlay-type":"","overlay-color":"","overlay-opacity":"","overlay-gradient":""}},"footnotes":""},"class_list":["post-485","page","type-page","status-publish","has-post-thumbnail","hentry"],"acf":[],"yoast_head":"<!-- This site is optimized with the Yoast SEO plugin v27.4 - https:\/\/yoast.com\/product\/yoast-seo-wordpress\/ -->\n<title>LARQUIT. Estudio de Arquitectura<\/title>\n<meta name=\"description\" content=\"Especialistas en Viviendas Eficientes, Asesoramiento Profesional, Gesti\u00f3n de Licencias. \u00a1Cont\u00e1ctanos sin compromiso!\" \/>\n<meta name=\"robots\" content=\"index, follow, max-snippet:-1, max-image-preview:large, max-video-preview:-1\" \/>\n<link rel=\"canonical\" href=\"https:\/\/www.larquit.com\/en\/\" \/>\n<meta property=\"og:locale\" content=\"en_US\" \/>\n<meta property=\"og:type\" content=\"article\" \/>\n<meta property=\"og:title\" content=\"LARQUIT. Estudio de Arquitectura\" \/>\n<meta property=\"og:description\" content=\"Especialistas en Viviendas Eficientes, Asesoramiento Profesional, Gesti\u00f3n de Licencias. \u00a1Cont\u00e1ctanos sin compromiso!\" \/>\n<meta property=\"og:url\" content=\"https:\/\/www.larquit.com\/en\/\" \/>\n<meta property=\"og:site_name\" content=\"LARQUIT. Estudio de Arquitectura\" \/>\n<meta property=\"article:modified_time\" content=\"2025-11-09T18:22:11+00:00\" \/>\n<meta property=\"og:image\" content=\"https:\/\/www.larquit.com\/wp-content\/uploads\/2023\/07\/logo.png\" \/>\n\t<meta property=\"og:image:width\" content=\"1500\" \/>\n\t<meta property=\"og:image:height\" content=\"346\" \/>\n\t<meta property=\"og:image:type\" content=\"image\/png\" \/>\n<meta name=\"twitter:card\" content=\"summary_large_image\" \/>\n<script type=\"application\/ld+json\" class=\"yoast-schema-graph\">{\"@context\":\"https:\\\/\\\/schema.org\",\"@graph\":[{\"@type\":\"WebPage\",\"@id\":\"https:\\\/\\\/www.larquit.com\\\/\",\"url\":\"https:\\\/\\\/www.larquit.com\\\/\",\"name\":\"LARQUIT. Estudio de Arquitectura\",\"isPartOf\":{\"@id\":\"https:\\\/\\\/www.larquit.com\\\/#website\"},\"primaryImageOfPage\":{\"@id\":\"https:\\\/\\\/www.larquit.com\\\/#primaryimage\"},\"image\":{\"@id\":\"https:\\\/\\\/www.larquit.com\\\/#primaryimage\"},\"thumbnailUrl\":\"https:\\\/\\\/www.larquit.com\\\/wp-content\\\/uploads\\\/2023\\\/07\\\/logo.png\",\"datePublished\":\"2023-07-21T08:13:01+00:00\",\"dateModified\":\"2025-11-09T18:22:11+00:00\",\"description\":\"Especialistas en Viviendas Eficientes, Asesoramiento Profesional, Gesti\u00f3n de Licencias. \u00a1Cont\u00e1ctanos sin compromiso!\",\"breadcrumb\":{\"@id\":\"https:\\\/\\\/www.larquit.com\\\/#breadcrumb\"},\"inLanguage\":\"en-US\",\"potentialAction\":[{\"@type\":\"ReadAction\",\"target\":[\"https:\\\/\\\/www.larquit.com\\\/\"]}]},{\"@type\":\"ImageObject\",\"inLanguage\":\"en-US\",\"@id\":\"https:\\\/\\\/www.larquit.com\\\/#primaryimage\",\"url\":\"https:\\\/\\\/www.larquit.com\\\/wp-content\\\/uploads\\\/2023\\\/07\\\/logo.png\",\"contentUrl\":\"https:\\\/\\\/www.larquit.com\\\/wp-content\\\/uploads\\\/2023\\\/07\\\/logo.png\",\"width\":1500,\"height\":346,\"caption\":\"Larquit Arquitectura\"},{\"@type\":\"BreadcrumbList\",\"@id\":\"https:\\\/\\\/www.larquit.com\\\/#breadcrumb\",\"itemListElement\":[{\"@type\":\"ListItem\",\"position\":1,\"name\":\"Inicio\",\"item\":\"https:\\\/\\\/www.larquit.com\\\/\"},{\"@type\":\"ListItem\",\"position\":2,\"name\":\"Inicio\"}]},{\"@type\":\"WebSite\",\"@id\":\"https:\\\/\\\/www.larquit.com\\\/#website\",\"url\":\"https:\\\/\\\/www.larquit.com\\\/\",\"name\":\"LARQUIT. Estudio de Arquitectura\",\"description\":\"Proyectos de Edificaci\u00f3n con bajo consumo. M\u00e1s de 25 a\u00f1os de experiencia\",\"publisher\":{\"@id\":\"https:\\\/\\\/www.larquit.com\\\/#organization\"},\"potentialAction\":[{\"@type\":\"SearchAction\",\"target\":{\"@type\":\"EntryPoint\",\"urlTemplate\":\"https:\\\/\\\/www.larquit.com\\\/?s={search_term_string}\"},\"query-input\":{\"@type\":\"PropertyValueSpecification\",\"valueRequired\":true,\"valueName\":\"search_term_string\"}}],\"inLanguage\":\"en-US\"},{\"@type\":\"Organization\",\"@id\":\"https:\\\/\\\/www.larquit.com\\\/#organization\",\"name\":\"Larquit Arquitectura\",\"url\":\"https:\\\/\\\/www.larquit.com\\\/\",\"logo\":{\"@type\":\"ImageObject\",\"inLanguage\":\"en-US\",\"@id\":\"https:\\\/\\\/www.larquit.com\\\/#\\\/schema\\\/logo\\\/image\\\/\",\"url\":\"https:\\\/\\\/www.larquit.com\\\/wp-content\\\/uploads\\\/2023\\\/09\\\/LARQUIT.png\",\"contentUrl\":\"https:\\\/\\\/www.larquit.com\\\/wp-content\\\/uploads\\\/2023\\\/09\\\/LARQUIT.png\",\"width\":1200,\"height\":675,\"caption\":\"Larquit Arquitectura\"},\"image\":{\"@id\":\"https:\\\/\\\/www.larquit.com\\\/#\\\/schema\\\/logo\\\/image\\\/\"},\"sameAs\":[\"https:\\\/\\\/www.instagram.com\\\/larquit_arquitectura\\\/\"]}]}<\/script>\n<!-- \/ Yoast SEO plugin. -->","yoast_head_json":{"title":"LARQUIT. Architecture Studio","description":"Specialists in Efficient Housing, Professional Advice, License Management. Contact us without obligation!","robots":{"index":"index","follow":"follow","max-snippet":"max-snippet:-1","max-image-preview":"max-image-preview:large","max-video-preview":"max-video-preview:-1"},"canonical":"https:\/\/www.larquit.com\/en\/","og_locale":"en_US","og_type":"article","og_title":"LARQUIT. Estudio de Arquitectura","og_description":"Especialistas en Viviendas Eficientes, Asesoramiento Profesional, Gesti\u00f3n de Licencias. \u00a1Cont\u00e1ctanos sin compromiso!","og_url":"https:\/\/www.larquit.com\/en\/","og_site_name":"LARQUIT. Estudio de Arquitectura","article_modified_time":"2025-11-09T18:22:11+00:00","og_image":[{"width":1500,"height":346,"url":"https:\/\/www.larquit.com\/wp-content\/uploads\/2023\/07\/logo.png","type":"image\/png"}],"twitter_card":"summary_large_image","schema":{"@context":"https:\/\/schema.org","@graph":[{"@type":"WebPage","@id":"https:\/\/www.larquit.com\/","url":"https:\/\/www.larquit.com\/","name":"LARQUIT. Architecture Studio","isPartOf":{"@id":"https:\/\/www.larquit.com\/#website"},"primaryImageOfPage":{"@id":"https:\/\/www.larquit.com\/#primaryimage"},"image":{"@id":"https:\/\/www.larquit.com\/#primaryimage"},"thumbnailUrl":"https:\/\/www.larquit.com\/wp-content\/uploads\/2023\/07\/logo.png","datePublished":"2023-07-21T08:13:01+00:00","dateModified":"2025-11-09T18:22:11+00:00","description":"Specialists in Efficient Housing, Professional Advice, License Management. Contact us without obligation!","breadcrumb":{"@id":"https:\/\/www.larquit.com\/#breadcrumb"},"inLanguage":"en-US","potentialAction":[{"@type":"ReadAction","target":["https:\/\/www.larquit.com\/"]}]},{"@type":"ImageObject","inLanguage":"en-US","@id":"https:\/\/www.larquit.com\/#primaryimage","url":"https:\/\/www.larquit.com\/wp-content\/uploads\/2023\/07\/logo.png","contentUrl":"https:\/\/www.larquit.com\/wp-content\/uploads\/2023\/07\/logo.png","width":1500,"height":346,"caption":"Larquit Arquitectura"},{"@type":"BreadcrumbList","@id":"https:\/\/www.larquit.com\/#breadcrumb","itemListElement":[{"@type":"ListItem","position":1,"name":"Inicio","item":"https:\/\/www.larquit.com\/"},{"@type":"ListItem","position":2,"name":"Inicio"}]},{"@type":"WebSite","@id":"https:\/\/www.larquit.com\/#website","url":"https:\/\/www.larquit.com\/","name":"LARQUIT. Architecture Studio","description":"Building projects with low consumption. More than 25 years of experience","publisher":{"@id":"https:\/\/www.larquit.com\/#organization"},"potentialAction":[{"@type":"SearchAction","target":{"@type":"EntryPoint","urlTemplate":"https:\/\/www.larquit.com\/?s={search_term_string}"},"query-input":{"@type":"PropertyValueSpecification","valueRequired":true,"valueName":"search_term_string"}}],"inLanguage":"en-US"},{"@type":"Organization","@id":"https:\/\/www.larquit.com\/#organization","name":"Larquit Architecture","url":"https:\/\/www.larquit.com\/","logo":{"@type":"ImageObject","inLanguage":"en-US","@id":"https:\/\/www.larquit.com\/#\/schema\/logo\/image\/","url":"https:\/\/www.larquit.com\/wp-content\/uploads\/2023\/09\/LARQUIT.png","contentUrl":"https:\/\/www.larquit.com\/wp-content\/uploads\/2023\/09\/LARQUIT.png","width":1200,"height":675,"caption":"Larquit Arquitectura"},"image":{"@id":"https:\/\/www.larquit.com\/#\/schema\/logo\/image\/"},"sameAs":["https:\/\/www.instagram.com\/larquit_arquitectura\/"]}]}},"_links":{"self":[{"href":"https:\/\/www.larquit.com\/en\/wp-json\/wp\/v2\/pages\/485","targetHints":{"allow":["GET"]}}],"collection":[{"href":"https:\/\/www.larquit.com\/en\/wp-json\/wp\/v2\/pages"}],"about":[{"href":"https:\/\/www.larquit.com\/en\/wp-json\/wp\/v2\/types\/page"}],"author":[{"embeddable":true,"href":"https:\/\/www.larquit.com\/en\/wp-json\/wp\/v2\/users\/1"}],"replies":[{"embeddable":true,"href":"https:\/\/www.larquit.com\/en\/wp-json\/wp\/v2\/comments?post=485"}],"version-history":[{"count":179,"href":"https:\/\/www.larquit.com\/en\/wp-json\/wp\/v2\/pages\/485\/revisions"}],"predecessor-version":[{"id":1952,"href":"https:\/\/www.larquit.com\/en\/wp-json\/wp\/v2\/pages\/485\/revisions\/1952"}],"wp:featuredmedia":[{"embeddable":true,"href":"https:\/\/www.larquit.com\/en\/wp-json\/wp\/v2\/media\/912"}],"wp:attachment":[{"href":"https:\/\/www.larquit.com\/en\/wp-json\/wp\/v2\/media?parent=485"}],"curies":[{"name":"wp","href":"https:\/\/api.w.org\/{rel}","templated":true}]}}